{"id":23,"date":"2016-07-26T17:57:24","date_gmt":"2016-07-26T15:57:24","guid":{"rendered":"http:\/\/groupeproexpo.com\/cjaec\/?page_id=23"},"modified":"2017-07-18T18:23:48","modified_gmt":"2017-07-18T22:23:48","slug":"liste-des-commanditaires","status":"publish","type":"page","link":"https:\/\/groupeproexpo.com\/cjaec\/liste-des-commanditaires\/","title":{"rendered":"Liste des commanditaires"},"content":{"rendered":"<h2>Concernant les commanditaires<\/h2>\n<p>Le comit\u00e9 organisateur du Concours des Jeunes Agriculteurs d&rsquo;\u00c9lite du Canada (section Qu\u00e9bec) tient sinc\u00e8rement \u00e0 remercier tous ses commanditaires pour leur important appui.<\/p>\n<hr \/>\n<h2>Pr\u00e9sidence d&rsquo;honneur 2017<\/h2>\n<figure id=\"attachment_272\" aria-describedby=\"caption-attachment-272\" style=\"width: 300px\" class=\"wp-caption alignnone\"><img loading=\"lazy\" decoding=\"async\" class=\"wp-image-272 \" src=\"http:\/\/groupeproexpo.com\/cjaec\/wp-content\/uploads\/sites\/2\/2017\/07\/Caron_Jean_2017-200x300.jpg\" alt=\"Caron_Jean_2017\" width=\"300\" height=\"450\" srcset=\"https:\/\/groupeproexpo.com\/cjaec\/wp-content\/uploads\/sites\/2\/2017\/07\/Caron_Jean_2017-200x300.jpg 200w, https:\/\/groupeproexpo.com\/cjaec\/wp-content\/uploads\/sites\/2\/2017\/07\/Caron_Jean_2017-768x1152.jpg 768w, https:\/\/groupeproexpo.com\/cjaec\/wp-content\/uploads\/sites\/2\/2017\/07\/Caron_Jean_2017-683x1024.jpg 683w, https:\/\/groupeproexpo.com\/cjaec\/wp-content\/uploads\/sites\/2\/2017\/07\/Caron_Jean_2017.jpg 800w\" sizes=\"auto, (max-width: 300px) 100vw, 300px\" \/><figcaption id=\"caption-attachment-272\" class=\"wp-caption-text\">Jean Caron<\/figcaption><\/figure>\n<p><img loading=\"lazy\" decoding=\"async\" class=\"size-full wp-image-89 alignnone\" src=\"http:\/\/groupeproexpo.com\/cjaec\/wp-content\/uploads\/sites\/2\/2016\/07\/pioneer_dupont.jpg\" alt=\"pioneer_dupont\" width=\"181\" height=\"85\" \/><\/p>\n<hr \/>\n<h2>Commanditaires Partenaires 2017<\/h2>\n\n<table id=\"tablepress-3\" class=\"tablepress tablepress-id-3\">\n<tbody>\n<tr class=\"row-1\">\n\t<td class=\"column-1\"><img loading=\"lazy\" decoding=\"async\" src=\"http:\/\/groupeproexpo.com\/cjaec\/wp-content\/uploads\/sites\/2\/2016\/07\/agropur_identite_visuelle.jpg\" alt=\"agropur_identite_visuelle\" width=\"200\" height=\"81\" class=\"alignnone size-full wp-image-73\" \/><\/td><td class=\"column-2\"><img loading=\"lazy\" decoding=\"async\" src=\"http:\/\/groupeproexpo.com\/cjaec\/wp-content\/uploads\/sites\/2\/2016\/07\/animat.jpg\" alt=\"animat\" width=\"150\" height=\"48\" class=\"alignnone size-full wp-image-74\" \/><\/td><td class=\"column-3\"><img loading=\"lazy\" decoding=\"async\" src=\"http:\/\/groupeproexpo.com\/cjaec\/wp-content\/uploads\/sites\/2\/2016\/09\/QUEBw3_couleurs.png\" alt=\"Logo Qu\u00e9bec\" width=\"199\" height=\"60\" class=\"alignnone size-full wp-image-225\" \/><\/td>\n<\/tr>\n<tr class=\"row-2\">\n\t<td class=\"column-1\"><img loading=\"lazy\" decoding=\"async\" src=\"http:\/\/groupeproexpo.com\/cjaec\/wp-content\/uploads\/sites\/2\/2016\/07\/dekalb.jpg\" alt=\"dekalb\" width=\"150\" height=\"85\" class=\"alignnone size-full wp-image-77\" \/><\/td><td class=\"column-2\"><img loading=\"lazy\" decoding=\"async\" src=\"http:\/\/groupeproexpo.com\/cjaec\/wp-content\/uploads\/sites\/2\/2016\/07\/delaval.jpg\" alt=\"delaval\" width=\"150\" height=\"85\" class=\"alignnone size-full wp-image-78\" \/><\/td><td class=\"column-3\"><img loading=\"lazy\" decoding=\"async\" src=\"http:\/\/groupeproexpo.com\/cjaec\/wp-content\/uploads\/sites\/2\/2016\/07\/Desjardins-entreprises.jpg\" alt=\"Desjardins-entreprises\" width=\"150\" height=\"85\" class=\"alignnone size-full wp-image-79\" \/><\/td>\n<\/tr>\n<tr class=\"row-3\">\n\t<td class=\"column-1\"><img loading=\"lazy\" decoding=\"async\" src=\"http:\/\/groupeproexpo.com\/cjaec\/wp-content\/uploads\/sites\/2\/2016\/07\/ECL_Logos_V.jpg\" alt=\"ECL_Logos_V\" width=\"150\" height=\"85\" class=\"alignnone size-full wp-image-80\" \/><\/td><td class=\"column-2\"><img loading=\"lazy\" decoding=\"async\" src=\"http:\/\/groupeproexpo.com\/cjaec\/wp-content\/uploads\/sites\/2\/2016\/07\/expo_champs.jpg\" alt=\"expo_champs\" width=\"150\" height=\"85\" class=\"alignnone size-full wp-image-82\" \/><\/td><td class=\"column-3\"><img loading=\"lazy\" decoding=\"async\" src=\"http:\/\/groupeproexpo.com\/cjaec\/wp-content\/uploads\/sites\/2\/2016\/07\/financementagricole.jpg\" alt=\"financementagricole\" width=\"150\" height=\"85\" class=\"alignnone size-full wp-image-83\" \/><\/td>\n<\/tr>\n<tr class=\"row-4\">\n\t<td class=\"column-1\"><img loading=\"lazy\" decoding=\"async\" src=\"http:\/\/groupeproexpo.com\/cjaec\/wp-content\/uploads\/sites\/2\/2016\/07\/Logo_Fondation_Jefo.jpg\" alt=\"Logo_Fondation_Jefo\" width=\"150\" height=\"85\" class=\"alignnone size-full wp-image-87\" \/><\/td><td class=\"column-2\"><img loading=\"lazy\" decoding=\"async\" src=\"http:\/\/groupeproexpo.com\/cjaec\/wp-content\/uploads\/sites\/2\/2016\/07\/GEA_logo.jpg\" alt=\"GEA_logo\" width=\"200\" height=\"85\" class=\"alignnone size-full wp-image-84\" \/><\/td><td class=\"column-3\"><img loading=\"lazy\" decoding=\"async\" src=\"http:\/\/groupeproexpo.com\/cjaec\/wp-content\/uploads\/sites\/2\/2016\/07\/jamesway.jpg\" alt=\"jamesway\" width=\"150\" height=\"85\" class=\"alignnone size-full wp-image-85\" \/><\/td>\n<\/tr>\n<tr class=\"row-5\">\n\t<td class=\"column-1\"><img loading=\"lazy\" decoding=\"async\" src=\"http:\/\/groupeproexpo.com\/cjaec\/wp-content\/uploads\/sites\/2\/2017\/04\/Logo_federee_rvb.jpg\" alt=\"Logo_federee_rvb\" width=\"150\" height=\"62\" class=\"alignnone size-full wp-image-253\" \/><\/td><td class=\"column-2\"><img loading=\"lazy\" decoding=\"async\" src=\"http:\/\/groupeproexpo.com\/cjaec\/wp-content\/uploads\/sites\/2\/2016\/07\/Assurance_JauneGris.jpg\" alt=\"Assurance_JauneGris\" width=\"150\" height=\"85\" class=\"alignnone size-full wp-image-75\" \/><\/td><td class=\"column-3\"><img loading=\"lazy\" decoding=\"async\" src=\"http:\/\/groupeproexpo.com\/cjaec\/wp-content\/uploads\/sites\/2\/2017\/06\/logo-pfb.jpg\" alt=\"pfb\" width=\"200\" height=\"85\" class=\"alignnone size-full wp-image-90\" \/><\/td>\n<\/tr>\n<tr class=\"row-6\">\n\t<td class=\"column-1\"><img loading=\"lazy\" decoding=\"async\" src=\"http:\/\/groupeproexpo.com\/cjaec\/wp-content\/uploads\/sites\/2\/2016\/07\/qfa.jpg\" alt=\"qfa\" width=\"150\" height=\"85\" class=\"alignnone size-full wp-image-90\" \/><\/td><td class=\"column-2\"><img loading=\"lazy\" decoding=\"async\" src=\"http:\/\/groupeproexpo.com\/cjaec\/wp-content\/uploads\/sites\/2\/2016\/07\/salon_agriculture.jpg\" alt=\"salon_agriculture\" width=\"150\" height=\"85\" class=\"alignnone size-full wp-image-92\" \/><\/td><td class=\"column-3\"><img loading=\"lazy\" decoding=\"async\" src=\"http:\/\/groupeproexpo.com\/cjaec\/wp-content\/uploads\/sites\/2\/2017\/03\/logo_soleno.jpg\" alt=\"logo_soleno\" width=\"113\" height=\"85\" class=\"alignnone size-full wp-image-247\" srcset=\"https:\/\/groupeproexpo.com\/cjaec\/wp-content\/uploads\/sites\/2\/2017\/03\/logo_soleno.jpg 113w, https:\/\/groupeproexpo.com\/cjaec\/wp-content\/uploads\/sites\/2\/2017\/03\/logo_soleno-80x60.jpg 80w\" sizes=\"auto, (max-width: 113px) 100vw, 113px\" \/><\/td>\n<\/tr>\n<tr class=\"row-7\">\n\t<td class=\"column-1\"><img loading=\"lazy\" decoding=\"async\" src=\"http:\/\/groupeproexpo.com\/cjaec\/wp-content\/uploads\/sites\/2\/2016\/07\/synagri.jpg\" alt=\"synagri\" width=\"150\" height=\"84\" class=\"alignnone size-full wp-image-95\" \/><\/td><td class=\"column-2\"><img loading=\"lazy\" decoding=\"async\" src=\"http:\/\/groupeproexpo.com\/cjaec\/wp-content\/uploads\/sites\/2\/2016\/07\/SCF-Provincial_couleur.jpg\" alt=\"SCF-Provincial_couleur\" width=\"200\" height=\"75\" class=\"alignnone size-full wp-image-94\" \/><\/td><td class=\"column-3\"><img loading=\"lazy\" decoding=\"async\" src=\"http:\/\/groupeproexpo.com\/cjaec\/wp-content\/uploads\/sites\/2\/2016\/07\/UPA_logo.jpg\" alt=\"UPA_logo\" width=\"150\" height=\"55\" class=\"alignnone size-full wp-image-97\" \/><\/td>\n<\/tr>\n<tr class=\"row-8\">\n\t<td class=\"column-1\"><img loading=\"lazy\" decoding=\"async\" src=\"http:\/\/groupeproexpo.com\/cjaec\/wp-content\/uploads\/sites\/2\/2017\/03\/valacta.jpg\" alt=\"valacta\" width=\"125\" height=\"125\" class=\"alignnone size-full wp-image-250\" \/><\/td><td class=\"column-2\"><img loading=\"lazy\" decoding=\"async\" src=\"http:\/\/groupeproexpo.com\/cjaec\/wp-content\/uploads\/sites\/2\/2016\/07\/terre_chez_nous2.jpg\" alt=\"terre_chez_nous2\" width=\"150\" height=\"85\" class=\"alignnone size-full wp-image-96\" \/><\/td><td class=\"column-3\"><img loading=\"lazy\" decoding=\"async\" src=\"http:\/\/groupeproexpo.com\/cjaec\/wp-content\/uploads\/sites\/2\/2016\/07\/vermet.jpg\" alt=\"vermet\" width=\"150\" height=\"85\" class=\"alignnone size-full wp-image-100\" \/><\/td>\n<\/tr>\n<tr class=\"row-9\">\n\t<td class=\"column-1\"><img loading=\"lazy\" decoding=\"async\" src=\"http:\/\/groupeproexpo.com\/cjaec\/wp-content\/uploads\/sites\/2\/2016\/07\/valmetal_v2016.jpg\" alt=\"valmetal_v2016\" width=\"200\" height=\"85\" class=\"alignnone size-full wp-image-99\" \/><\/td><td class=\"column-2\"><\/td><td class=\"column-3\"><\/td>\n<\/tr>\n<\/tbody>\n<\/table>\n<!-- #tablepress-3 from cache -->\n<hr \/>\n<h2>Commanditaires Collaborateurs 2017<\/h2>\n<p>Agribrands Purina Canada<br \/>\nBanque CIBC<br \/>\nCIAQ<br \/>\nVicwest<\/p>\n<hr \/>\n<h2>Commanditaires Amis 2017<\/h2>\n<p>BMO Banque de Montr\u00e9al<br \/>\nD\u00e9limax<br \/>\n\u00c9quipements JDR<br \/>\nHolstein Qu\u00e9bec<br \/>\nLes Groupes Conseils Agricole du Qu\u00e9bec<br \/>\nIndustrielle Alliance<br \/>\nInnotag Distributions<br \/>\nLes \u00c9leveurs de porcs du Qu\u00e9bec<br \/>\nNutripartenaire<br \/>\nPickseed<br \/>\nSemican<br \/>\nSilo J.M. Lambert<br \/>\nShur-Gain<br \/>\nValeurs Mobili\u00e8res Desjardins<br \/>\nVentec Canada<br \/>\nVentilation Secco<br \/>\nWilliam Houde<\/p>\n<hr \/>\n<h2>Autres commanditaires<\/h2>\n<p>Bien que ces commanditaires apportent une importante contribution envers ce concours de prestige, celui-ci ne pourrait avancer sans la participation des agriculteurs et des agricultrices au niveau local, r\u00e9gional et provincial. On invite donc tous les intervenants du milieu rural \u00e0 promouvoir la participation des agriculteurs et agricultrices dans chacune des r\u00e9gions agronomiques du Qu\u00e9bec. De plus, nous tenons \u00e0 vous souligner la contribution des compagnies suivantes au concours national:<\/p>\n<h2>Commanditaires nationaux<\/h2>\n<div id='gallery-2' class='gallery galleryid-23 gallery-columns-3 gallery-size-full'><figure class='gallery-item'>\n\t\t\t<div class='gallery-icon landscape'>\n\t\t\t\t<a href='https:\/\/groupeproexpo.com\/cjaec\/liste-des-commanditaires\/jd_3d_4c-horiz\/'><img loading=\"lazy\" decoding=\"async\" width=\"180\" height=\"36\" src=\"https:\/\/groupeproexpo.com\/cjaec\/wp-content\/uploads\/sites\/2\/2016\/07\/JD_3D_4C-horiz.jpg\" class=\"attachment-full size-full\" alt=\"\" \/><\/a>\n\t\t\t<\/div><\/figure><figure class='gallery-item'>\n\t\t\t<div class='gallery-icon landscape'>\n\t\t\t\t<a href='https:\/\/groupeproexpo.com\/cjaec\/liste-des-commanditaires\/cibc-pme\/'><img loading=\"lazy\" decoding=\"async\" width=\"150\" height=\"41\" src=\"https:\/\/groupeproexpo.com\/cjaec\/wp-content\/uploads\/sites\/2\/2016\/07\/cibc-pme.jpg\" class=\"attachment-full size-full\" alt=\"\" \/><\/a>\n\t\t\t<\/div><\/figure><figure class='gallery-item'>\n\t\t\t<div class='gallery-icon landscape'>\n\t\t\t\t<a href='https:\/\/groupeproexpo.com\/cjaec\/liste-des-commanditaires\/aafc_colour\/'><img loading=\"lazy\" decoding=\"async\" width=\"190\" height=\"17\" src=\"https:\/\/groupeproexpo.com\/cjaec\/wp-content\/uploads\/sites\/2\/2016\/07\/AAFC_colour.jpg\" class=\"attachment-full size-full\" alt=\"\" \/><\/a>\n\t\t\t<\/div><\/figure><figure class='gallery-item'>\n\t\t\t<div class='gallery-icon landscape'>\n\t\t\t\t<a href='https:\/\/groupeproexpo.com\/cjaec\/liste-des-commanditaires\/bayer-crop\/'><img loading=\"lazy\" decoding=\"async\" width=\"180\" height=\"41\" src=\"https:\/\/groupeproexpo.com\/cjaec\/wp-content\/uploads\/sites\/2\/2016\/07\/bayer-crop.jpg\" class=\"attachment-full size-full\" alt=\"\" \/><\/a>\n\t\t\t<\/div><\/figure>\n\t\t<\/div>\n\n<h4>Partenaires<\/h4>\n<div id='gallery-4' class='gallery galleryid-23 gallery-columns-3 gallery-size-thumbnail'><figure class='gallery-item'>\n\t\t\t<div class='gallery-icon landscape'>\n\t\t\t\t<a href='https:\/\/groupeproexpo.com\/cjaec\/liste-des-commanditaires\/ad-farm-logo-colour\/'><img loading=\"lazy\" decoding=\"async\" width=\"150\" height=\"65\" src=\"https:\/\/groupeproexpo.com\/cjaec\/wp-content\/uploads\/sites\/2\/2016\/07\/Ad-Farm-logo-colour-150x65.jpg\" class=\"attachment-thumbnail size-thumbnail\" alt=\"\" \/><\/a>\n\t\t\t<\/div><\/figure><figure class='gallery-item'>\n\t\t\t<div class='gallery-icon landscape'>\n\t\t\t\t<a href='https:\/\/groupeproexpo.com\/cjaec\/liste-des-commanditaires\/logo_gestion_agricole\/'><img loading=\"lazy\" decoding=\"async\" width=\"150\" height=\"90\" src=\"https:\/\/groupeproexpo.com\/cjaec\/wp-content\/uploads\/sites\/2\/2016\/07\/logo_gestion_agricole-150x90.jpg\" class=\"attachment-thumbnail size-thumbnail\" alt=\"\" \/><\/a>\n\t\t\t<\/div><\/figure>\n\t\t<\/div>\n\n","protected":false},"excerpt":{"rendered":"<div class=\"mh-excerpt\"><p>Concernant les commanditaires Le comit\u00e9 organisateur du Concours des Jeunes Agriculteurs d&rsquo;\u00c9lite du Canada (section Qu\u00e9bec) tient sinc\u00e8rement \u00e0 remercier tous ses commanditaires pour leur important appui. Pr\u00e9sidence d&rsquo;honneur 2017 Commanditaires Partenaires 2017 Commanditaires Collaborateurs <a class=\"mh-excerpt-more\" href=\"https:\/\/groupeproexpo.com\/cjaec\/liste-des-commanditaires\/\" title=\"Liste des commanditaires\">[&#8230;]<\/a><\/p>\n<\/div>","protected":false},"author":1,"featured_media":0,"parent":0,"menu_order":0,"comment_status":"closed","ping_status":"closed","template":"","meta":{"ngg_post_thumbnail":0,"footnotes":""},"class_list":["post-23","page","type-page","status-publish","hentry"],"yoast_head":"<!-- This site is optimized with the Yoast SEO plugin v24.4 - https:\/\/yoast.com\/wordpress\/plugins\/seo\/ -->\n<title>Liste des commanditaires - Concours des jeunes agriculteurs d&#039;\u00e9lite du Canada<\/title>\n<meta name=\"robots\" content=\"index, follow, max-snippet:-1, max-image-preview:large, max-video-preview:-1\" \/>\n<link rel=\"canonical\" href=\"https:\/\/groupeproexpo.com\/cjaec\/liste-des-commanditaires\/\" \/>\n<meta property=\"og:locale\" content=\"fr_FR\" \/>\n<meta property=\"og:type\" content=\"article\" \/>\n<meta property=\"og:title\" content=\"Liste des commanditaires - Concours des jeunes agriculteurs d&#039;\u00e9lite du Canada\" \/>\n<meta property=\"og:description\" content=\"Concernant les commanditaires Le comit\u00e9 organisateur du Concours des Jeunes Agriculteurs d&rsquo;\u00c9lite du Canada (section Qu\u00e9bec) tient sinc\u00e8rement \u00e0 remercier tous ses commanditaires pour leur important appui. Pr\u00e9sidence d&rsquo;honneur 2017 Commanditaires Partenaires 2017 Commanditaires Collaborateurs [...]\" \/>\n<meta property=\"og:url\" content=\"https:\/\/groupeproexpo.com\/cjaec\/liste-des-commanditaires\/\" \/>\n<meta property=\"og:site_name\" content=\"Concours des jeunes agriculteurs d&#039;\u00e9lite du Canada\" \/>\n<meta property=\"article:modified_time\" content=\"2017-07-18T22:23:48+00:00\" \/>\n<meta property=\"og:image\" content=\"https:\/\/groupeproexpo.com\/cjaec\/wp-content\/uploads\/sites\/2\/2016\/07\/JD_3D_4C-horiz.jpg\" \/>\n<meta name=\"twitter:card\" content=\"summary_large_image\" \/>\n<meta name=\"twitter:label1\" content=\"Dur\u00e9e de lecture estim\u00e9e\" \/>\n\t<meta name=\"twitter:data1\" content=\"1 minute\" \/>\n<script type=\"application\/ld+json\" class=\"yoast-schema-graph\">{\"@context\":\"https:\/\/schema.org\",\"@graph\":[{\"@type\":\"WebPage\",\"@id\":\"https:\/\/groupeproexpo.com\/cjaec\/liste-des-commanditaires\/\",\"url\":\"https:\/\/groupeproexpo.com\/cjaec\/liste-des-commanditaires\/\",\"name\":\"Liste des commanditaires - Concours des jeunes agriculteurs d&#039;\u00e9lite du Canada\",\"isPartOf\":{\"@id\":\"https:\/\/groupeproexpo.com\/cjaec\/#website\"},\"primaryImageOfPage\":{\"@id\":\"https:\/\/groupeproexpo.com\/cjaec\/liste-des-commanditaires\/#primaryimage\"},\"image\":{\"@id\":\"https:\/\/groupeproexpo.com\/cjaec\/liste-des-commanditaires\/#primaryimage\"},\"thumbnailUrl\":\"http:\/\/groupeproexpo.com\/cjaec\/wp-content\/uploads\/sites\/2\/2017\/07\/Caron_Jean_2017-200x300.jpg\",\"datePublished\":\"2016-07-26T15:57:24+00:00\",\"dateModified\":\"2017-07-18T22:23:48+00:00\",\"breadcrumb\":{\"@id\":\"https:\/\/groupeproexpo.com\/cjaec\/liste-des-commanditaires\/#breadcrumb\"},\"inLanguage\":\"fr-FR\",\"potentialAction\":[{\"@type\":\"ReadAction\",\"target\":[\"https:\/\/groupeproexpo.com\/cjaec\/liste-des-commanditaires\/\"]}]},{\"@type\":\"ImageObject\",\"inLanguage\":\"fr-FR\",\"@id\":\"https:\/\/groupeproexpo.com\/cjaec\/liste-des-commanditaires\/#primaryimage\",\"url\":\"http:\/\/groupeproexpo.com\/cjaec\/wp-content\/uploads\/sites\/2\/2017\/07\/Caron_Jean_2017-200x300.jpg\",\"contentUrl\":\"http:\/\/groupeproexpo.com\/cjaec\/wp-content\/uploads\/sites\/2\/2017\/07\/Caron_Jean_2017-200x300.jpg\"},{\"@type\":\"BreadcrumbList\",\"@id\":\"https:\/\/groupeproexpo.com\/cjaec\/liste-des-commanditaires\/#breadcrumb\",\"itemListElement\":[{\"@type\":\"ListItem\",\"position\":1,\"name\":\"Accueil\",\"item\":\"https:\/\/groupeproexpo.com\/cjaec\/\"},{\"@type\":\"ListItem\",\"position\":2,\"name\":\"Liste des commanditaires\"}]},{\"@type\":\"WebSite\",\"@id\":\"https:\/\/groupeproexpo.com\/cjaec\/#website\",\"url\":\"https:\/\/groupeproexpo.com\/cjaec\/\",\"name\":\"Concours des jeunes agriculteurs d&#039;\u00e9lite du Canada\",\"description\":\"Section Qu\u00e9bec\",\"potentialAction\":[{\"@type\":\"SearchAction\",\"target\":{\"@type\":\"EntryPoint\",\"urlTemplate\":\"https:\/\/groupeproexpo.com\/cjaec\/?s={search_term_string}\"},\"query-input\":{\"@type\":\"PropertyValueSpecification\",\"valueRequired\":true,\"valueName\":\"search_term_string\"}}],\"inLanguage\":\"fr-FR\"}]}<\/script>\n<!-- \/ Yoast SEO plugin. -->","yoast_head_json":{"title":"Liste des commanditaires - Concours des jeunes agriculteurs d&#039;\u00e9lite du Canada","robots":{"index":"index","follow":"follow","max-snippet":"max-snippet:-1","max-image-preview":"max-image-preview:large","max-video-preview":"max-video-preview:-1"},"canonical":"https:\/\/groupeproexpo.com\/cjaec\/liste-des-commanditaires\/","og_locale":"fr_FR","og_type":"article","og_title":"Liste des commanditaires - Concours des jeunes agriculteurs d&#039;\u00e9lite du Canada","og_description":"Concernant les commanditaires Le comit\u00e9 organisateur du Concours des Jeunes Agriculteurs d&rsquo;\u00c9lite du Canada (section Qu\u00e9bec) tient sinc\u00e8rement \u00e0 remercier tous ses commanditaires pour leur important appui. Pr\u00e9sidence d&rsquo;honneur 2017 Commanditaires Partenaires 2017 Commanditaires Collaborateurs [...]","og_url":"https:\/\/groupeproexpo.com\/cjaec\/liste-des-commanditaires\/","og_site_name":"Concours des jeunes agriculteurs d&#039;\u00e9lite du Canada","article_modified_time":"2017-07-18T22:23:48+00:00","og_image":[{"url":"https:\/\/groupeproexpo.com\/cjaec\/wp-content\/uploads\/sites\/2\/2016\/07\/JD_3D_4C-horiz.jpg","type":"","width":"","height":""}],"twitter_card":"summary_large_image","twitter_misc":{"Dur\u00e9e de lecture estim\u00e9e":"1 minute"},"schema":{"@context":"https:\/\/schema.org","@graph":[{"@type":"WebPage","@id":"https:\/\/groupeproexpo.com\/cjaec\/liste-des-commanditaires\/","url":"https:\/\/groupeproexpo.com\/cjaec\/liste-des-commanditaires\/","name":"Liste des commanditaires - Concours des jeunes agriculteurs d&#039;\u00e9lite du Canada","isPartOf":{"@id":"https:\/\/groupeproexpo.com\/cjaec\/#website"},"primaryImageOfPage":{"@id":"https:\/\/groupeproexpo.com\/cjaec\/liste-des-commanditaires\/#primaryimage"},"image":{"@id":"https:\/\/groupeproexpo.com\/cjaec\/liste-des-commanditaires\/#primaryimage"},"thumbnailUrl":"http:\/\/groupeproexpo.com\/cjaec\/wp-content\/uploads\/sites\/2\/2017\/07\/Caron_Jean_2017-200x300.jpg","datePublished":"2016-07-26T15:57:24+00:00","dateModified":"2017-07-18T22:23:48+00:00","breadcrumb":{"@id":"https:\/\/groupeproexpo.com\/cjaec\/liste-des-commanditaires\/#breadcrumb"},"inLanguage":"fr-FR","potentialAction":[{"@type":"ReadAction","target":["https:\/\/groupeproexpo.com\/cjaec\/liste-des-commanditaires\/"]}]},{"@type":"ImageObject","inLanguage":"fr-FR","@id":"https:\/\/groupeproexpo.com\/cjaec\/liste-des-commanditaires\/#primaryimage","url":"http:\/\/groupeproexpo.com\/cjaec\/wp-content\/uploads\/sites\/2\/2017\/07\/Caron_Jean_2017-200x300.jpg","contentUrl":"http:\/\/groupeproexpo.com\/cjaec\/wp-content\/uploads\/sites\/2\/2017\/07\/Caron_Jean_2017-200x300.jpg"},{"@type":"BreadcrumbList","@id":"https:\/\/groupeproexpo.com\/cjaec\/liste-des-commanditaires\/#breadcrumb","itemListElement":[{"@type":"ListItem","position":1,"name":"Accueil","item":"https:\/\/groupeproexpo.com\/cjaec\/"},{"@type":"ListItem","position":2,"name":"Liste des commanditaires"}]},{"@type":"WebSite","@id":"https:\/\/groupeproexpo.com\/cjaec\/#website","url":"https:\/\/groupeproexpo.com\/cjaec\/","name":"Concours des jeunes agriculteurs d&#039;\u00e9lite du Canada","description":"Section Qu\u00e9bec","potentialAction":[{"@type":"SearchAction","target":{"@type":"EntryPoint","urlTemplate":"https:\/\/groupeproexpo.com\/cjaec\/?s={search_term_string}"},"query-input":{"@type":"PropertyValueSpecification","valueRequired":true,"valueName":"search_term_string"}}],"inLanguage":"fr-FR"}]}},"_links":{"self":[{"href":"https:\/\/groupeproexpo.com\/cjaec\/wp-json\/wp\/v2\/pages\/23","targetHints":{"allow":["GET"]}}],"collection":[{"href":"https:\/\/groupeproexpo.com\/cjaec\/wp-json\/wp\/v2\/pages"}],"about":[{"href":"https:\/\/groupeproexpo.com\/cjaec\/wp-json\/wp\/v2\/types\/page"}],"author":[{"embeddable":true,"href":"https:\/\/groupeproexpo.com\/cjaec\/wp-json\/wp\/v2\/users\/1"}],"replies":[{"embeddable":true,"href":"https:\/\/groupeproexpo.com\/cjaec\/wp-json\/wp\/v2\/comments?post=23"}],"version-history":[{"count":22,"href":"https:\/\/groupeproexpo.com\/cjaec\/wp-json\/wp\/v2\/pages\/23\/revisions"}],"predecessor-version":[{"id":275,"href":"https:\/\/groupeproexpo.com\/cjaec\/wp-json\/wp\/v2\/pages\/23\/revisions\/275"}],"wp:attachment":[{"href":"https:\/\/groupeproexpo.com\/cjaec\/wp-json\/wp\/v2\/media?parent=23"}],"curies":[{"name":"wp","href":"https:\/\/api.w.org\/{rel}","templated":true}]}}