{"id":3233,"date":"2018-12-06T13:42:41","date_gmt":"2018-12-06T18:42:41","guid":{"rendered":"http:\/\/groupeproexpo.com\/maries\/wp-content\/uploads\/sites\/3\/2018\/12\/Couple-recadr\u00e9-plus-ag\u00e9-Pixabay-wedding-2228713_1920.jpg"},"modified":"2018-12-06T13:43:05","modified_gmt":"2018-12-06T18:43:05","slug":"couple-recadre-plus-age-pixabay-wedding-2228713_1920","status":"inherit","type":"attachment","link":"https:\/\/groupeproexpo.com\/maries\/accueil\/couple-recadre-plus-age-pixabay-wedding-2228713_1920\/","title":{"rendered":"Couple recadr\u00e9 plus ag\u00e9 Pixabay wedding-2228713_1920"},"author":4,"featured_media":0,"comment_status":"closed","ping_status":"closed","template":"","meta":{"ngg_post_thumbnail":0},"class_list":["post-3233","attachment","type-attachment","status-inherit","hentry"],"yoast_head":"<!-- This site is optimized with the Yoast SEO plugin v24.4 - https:\/\/yoast.com\/wordpress\/plugins\/seo\/ -->\n<title>Couple recadr\u00e9 plus ag\u00e9 Pixabay wedding-2228713_1920 - Salon des Mari\u00e9s de Qu\u00e9bec<\/title>\n<meta name=\"robots\" content=\"index, follow, max-snippet:-1, max-image-preview:large, max-video-preview:-1\" \/>\n<link rel=\"canonical\" href=\"https:\/\/groupeproexpo.com\/maries\/wp-content\/uploads\/sites\/3\/2018\/12\/Couple-recadr\u00e9-plus-ag\u00e9-Pixabay-wedding-2228713_1920.jpg\" \/>\n<meta property=\"og:locale\" content=\"fr_FR\" \/>\n<meta property=\"og:type\" content=\"article\" \/>\n<meta property=\"og:title\" content=\"Couple recadr\u00e9 plus ag\u00e9 Pixabay wedding-2228713_1920 - Salon des Mari\u00e9s de Qu\u00e9bec\" \/>\n<meta property=\"og:url\" content=\"https:\/\/groupeproexpo.com\/maries\/wp-content\/uploads\/sites\/3\/2018\/12\/Couple-recadr\u00e9-plus-ag\u00e9-Pixabay-wedding-2228713_1920.jpg\" \/>\n<meta property=\"og:site_name\" content=\"Salon des Mari\u00e9s de Qu\u00e9bec\" \/>\n<meta property=\"article:publisher\" content=\"https:\/\/www.facebook.com\/salondelamarieequebec\/\" \/>\n<meta property=\"article:modified_time\" content=\"2018-12-06T18:43:05+00:00\" \/>\n<meta property=\"og:image\" content=\"https:\/\/groupeproexpo.com\/maries\/wp-content\/uploads\/sites\/3\/2018\/12\/Couple-recadr\u00e9-plus-ag\u00e9-Pixabay-wedding-2228713_1920.jpg\" \/>\n\t<meta property=\"og:image:width\" content=\"1445\" \/>\n\t<meta property=\"og:image:height\" content=\"1230\" \/>\n\t<meta property=\"og:image:type\" content=\"image\/jpeg\" \/>\n<meta name=\"twitter:card\" content=\"summary_large_image\" \/>\n<script type=\"application\/ld+json\" class=\"yoast-schema-graph\">{\"@context\":\"https:\/\/schema.org\",\"@graph\":[{\"@type\":\"WebPage\",\"@id\":\"https:\/\/groupeproexpo.com\/maries\/wp-content\/uploads\/sites\/3\/2018\/12\/Couple-recadr\u00e9-plus-ag\u00e9-Pixabay-wedding-2228713_1920.jpg\",\"url\":\"https:\/\/groupeproexpo.com\/maries\/wp-content\/uploads\/sites\/3\/2018\/12\/Couple-recadr\u00e9-plus-ag\u00e9-Pixabay-wedding-2228713_1920.jpg\",\"name\":\"Couple recadr\u00e9 plus ag\u00e9 Pixabay wedding-2228713_1920 - Salon des Mari\u00e9s de Qu\u00e9bec\",\"isPartOf\":{\"@id\":\"https:\/\/groupeproexpo.com\/maries\/#website\"},\"datePublished\":\"2018-12-06T18:42:41+00:00\",\"dateModified\":\"2018-12-06T18:43:05+00:00\",\"breadcrumb\":{\"@id\":\"https:\/\/groupeproexpo.com\/maries\/wp-content\/uploads\/sites\/3\/2018\/12\/Couple-recadr\u00e9-plus-ag\u00e9-Pixabay-wedding-2228713_1920.jpg#breadcrumb\"},\"inLanguage\":\"fr-FR\",\"potentialAction\":[{\"@type\":\"ReadAction\",\"target\":[\"https:\/\/groupeproexpo.com\/maries\/wp-content\/uploads\/sites\/3\/2018\/12\/Couple-recadr\u00e9-plus-ag\u00e9-Pixabay-wedding-2228713_1920.jpg\"]}]},{\"@type\":\"BreadcrumbList\",\"@id\":\"https:\/\/groupeproexpo.com\/maries\/wp-content\/uploads\/sites\/3\/2018\/12\/Couple-recadr\u00e9-plus-ag\u00e9-Pixabay-wedding-2228713_1920.jpg#breadcrumb\",\"itemListElement\":[{\"@type\":\"ListItem\",\"position\":1,\"name\":\"Accueil\",\"item\":\"https:\/\/groupeproexpo.com\/maries\/\"},{\"@type\":\"ListItem\",\"position\":2,\"name\":\"Accueil\",\"item\":\"https:\/\/groupeproexpo.com\/maries\/\"},{\"@type\":\"ListItem\",\"position\":3,\"name\":\"Couple recadr\u00e9 plus ag\u00e9 Pixabay wedding-2228713_1920\"}]},{\"@type\":\"WebSite\",\"@id\":\"https:\/\/groupeproexpo.com\/maries\/#website\",\"url\":\"https:\/\/groupeproexpo.com\/maries\/\",\"name\":\"Salon des Mari\u00e9s de Qu\u00e9bec\",\"description\":\"17-18 janvier 2026 \u2013 Expocit\u00e9\",\"potentialAction\":[{\"@type\":\"SearchAction\",\"target\":{\"@type\":\"EntryPoint\",\"urlTemplate\":\"https:\/\/groupeproexpo.com\/maries\/?s={search_term_string}\"},\"query-input\":{\"@type\":\"PropertyValueSpecification\",\"valueRequired\":true,\"valueName\":\"search_term_string\"}}],\"inLanguage\":\"fr-FR\"}]}<\/script>\n<!-- \/ Yoast SEO plugin. -->","yoast_head_json":{"title":"Couple recadr\u00e9 plus ag\u00e9 Pixabay wedding-2228713_1920 - Salon des Mari\u00e9s de Qu\u00e9bec","robots":{"index":"index","follow":"follow","max-snippet":"max-snippet:-1","max-image-preview":"max-image-preview:large","max-video-preview":"max-video-preview:-1"},"canonical":"https:\/\/groupeproexpo.com\/maries\/wp-content\/uploads\/sites\/3\/2018\/12\/Couple-recadr\u00e9-plus-ag\u00e9-Pixabay-wedding-2228713_1920.jpg","og_locale":"fr_FR","og_type":"article","og_title":"Couple recadr\u00e9 plus ag\u00e9 Pixabay wedding-2228713_1920 - Salon des Mari\u00e9s de Qu\u00e9bec","og_url":"https:\/\/groupeproexpo.com\/maries\/wp-content\/uploads\/sites\/3\/2018\/12\/Couple-recadr\u00e9-plus-ag\u00e9-Pixabay-wedding-2228713_1920.jpg","og_site_name":"Salon des Mari\u00e9s de Qu\u00e9bec","article_publisher":"https:\/\/www.facebook.com\/salondelamarieequebec\/","article_modified_time":"2018-12-06T18:43:05+00:00","og_image":[{"width":1445,"height":1230,"url":"https:\/\/groupeproexpo.com\/maries\/wp-content\/uploads\/sites\/3\/2018\/12\/Couple-recadr\u00e9-plus-ag\u00e9-Pixabay-wedding-2228713_1920.jpg","type":"image\/jpeg"}],"twitter_card":"summary_large_image","schema":{"@context":"https:\/\/schema.org","@graph":[{"@type":"WebPage","@id":"https:\/\/groupeproexpo.com\/maries\/wp-content\/uploads\/sites\/3\/2018\/12\/Couple-recadr\u00e9-plus-ag\u00e9-Pixabay-wedding-2228713_1920.jpg","url":"https:\/\/groupeproexpo.com\/maries\/wp-content\/uploads\/sites\/3\/2018\/12\/Couple-recadr\u00e9-plus-ag\u00e9-Pixabay-wedding-2228713_1920.jpg","name":"Couple recadr\u00e9 plus ag\u00e9 Pixabay wedding-2228713_1920 - Salon des Mari\u00e9s de Qu\u00e9bec","isPartOf":{"@id":"https:\/\/groupeproexpo.com\/maries\/#website"},"datePublished":"2018-12-06T18:42:41+00:00","dateModified":"2018-12-06T18:43:05+00:00","breadcrumb":{"@id":"https:\/\/groupeproexpo.com\/maries\/wp-content\/uploads\/sites\/3\/2018\/12\/Couple-recadr\u00e9-plus-ag\u00e9-Pixabay-wedding-2228713_1920.jpg#breadcrumb"},"inLanguage":"fr-FR","potentialAction":[{"@type":"ReadAction","target":["https:\/\/groupeproexpo.com\/maries\/wp-content\/uploads\/sites\/3\/2018\/12\/Couple-recadr\u00e9-plus-ag\u00e9-Pixabay-wedding-2228713_1920.jpg"]}]},{"@type":"BreadcrumbList","@id":"https:\/\/groupeproexpo.com\/maries\/wp-content\/uploads\/sites\/3\/2018\/12\/Couple-recadr\u00e9-plus-ag\u00e9-Pixabay-wedding-2228713_1920.jpg#breadcrumb","itemListElement":[{"@type":"ListItem","position":1,"name":"Accueil","item":"https:\/\/groupeproexpo.com\/maries\/"},{"@type":"ListItem","position":2,"name":"Accueil","item":"https:\/\/groupeproexpo.com\/maries\/"},{"@type":"ListItem","position":3,"name":"Couple recadr\u00e9 plus ag\u00e9 Pixabay wedding-2228713_1920"}]},{"@type":"WebSite","@id":"https:\/\/groupeproexpo.com\/maries\/#website","url":"https:\/\/groupeproexpo.com\/maries\/","name":"Salon des Mari\u00e9s de Qu\u00e9bec","description":"17-18 janvier 2026 \u2013 Expocit\u00e9","potentialAction":[{"@type":"SearchAction","target":{"@type":"EntryPoint","urlTemplate":"https:\/\/groupeproexpo.com\/maries\/?s={search_term_string}"},"query-input":{"@type":"PropertyValueSpecification","valueRequired":true,"valueName":"search_term_string"}}],"inLanguage":"fr-FR"}]}},"description":{"rendered":"<p class=\"attachment\"><a href='https:\/\/groupeproexpo.com\/maries\/wp-content\/uploads\/sites\/3\/2018\/12\/Couple-recadr\u00e9-plus-ag\u00e9-Pixabay-wedding-2228713_1920.jpg'><img loading=\"lazy\" decoding=\"async\" width=\"300\" height=\"255\" src=\"https:\/\/groupeproexpo.com\/maries\/wp-content\/uploads\/sites\/3\/2018\/12\/Couple-recadr\u00e9-plus-ag\u00e9-Pixabay-wedding-2228713_1920-300x255.jpg\" class=\"attachment-medium size-medium\" alt=\"\" srcset=\"https:\/\/groupeproexpo.com\/maries\/wp-content\/uploads\/sites\/3\/2018\/12\/Couple-recadr\u00e9-plus-ag\u00e9-Pixabay-wedding-2228713_1920-300x255.jpg 300w, https:\/\/groupeproexpo.com\/maries\/wp-content\/uploads\/sites\/3\/2018\/12\/Couple-recadr\u00e9-plus-ag\u00e9-Pixabay-wedding-2228713_1920-768x654.jpg 768w, https:\/\/groupeproexpo.com\/maries\/wp-content\/uploads\/sites\/3\/2018\/12\/Couple-recadr\u00e9-plus-ag\u00e9-Pixabay-wedding-2228713_1920-1024x872.jpg 1024w, https:\/\/groupeproexpo.com\/maries\/wp-content\/uploads\/sites\/3\/2018\/12\/Couple-recadr\u00e9-plus-ag\u00e9-Pixabay-wedding-2228713_1920.jpg 1445w\" sizes=\"auto, (max-width: 300px) 100vw, 300px\" \/><\/a><\/p>\n"},"caption":{"rendered":"<div class=\"mh-excerpt\"><\/div>"},"alt_text":"","media_type":"image","mime_type":"image\/jpeg","media_details":{"width":1445,"height":1230,"file":"2018\/12\/Couple-recadr\u00e9-plus-ag\u00e9-Pixabay-wedding-2228713_1920.jpg","sizes":{"thumbnail":{"file":"Couple-recadr\u00e9-plus-ag\u00e9-Pixabay-wedding-2228713_1920-150x150.jpg","width":150,"height":150,"mime_type":"image\/jpeg","source_url":"https:\/\/groupeproexpo.com\/maries\/wp-content\/uploads\/sites\/3\/2018\/12\/Couple-recadr\u00e9-plus-ag\u00e9-Pixabay-wedding-2228713_1920-150x150.jpg"},"medium":{"file":"Couple-recadr\u00e9-plus-ag\u00e9-Pixabay-wedding-2228713_1920-300x255.jpg","width":300,"height":255,"mime_type":"image\/jpeg","source_url":"https:\/\/groupeproexpo.com\/maries\/wp-content\/uploads\/sites\/3\/2018\/12\/Couple-recadr\u00e9-plus-ag\u00e9-Pixabay-wedding-2228713_1920-300x255.jpg"},"medium_large":{"file":"Couple-recadr\u00e9-plus-ag\u00e9-Pixabay-wedding-2228713_1920-768x654.jpg","width":768,"height":654,"mime_type":"image\/jpeg","source_url":"https:\/\/groupeproexpo.com\/maries\/wp-content\/uploads\/sites\/3\/2018\/12\/Couple-recadr\u00e9-plus-ag\u00e9-Pixabay-wedding-2228713_1920-768x654.jpg"},"large":{"file":"Couple-recadr\u00e9-plus-ag\u00e9-Pixabay-wedding-2228713_1920-1024x872.jpg","width":1024,"height":872,"mime_type":"image\/jpeg","source_url":"https:\/\/groupeproexpo.com\/maries\/wp-content\/uploads\/sites\/3\/2018\/12\/Couple-recadr\u00e9-plus-ag\u00e9-Pixabay-wedding-2228713_1920-1024x872.jpg"},"mh-magazine-slider":{"file":"Couple-recadr\u00e9-plus-ag\u00e9-Pixabay-wedding-2228713_1920-1030x438.jpg","width":1030,"height":438,"mime_type":"image\/jpeg","source_url":"https:\/\/groupeproexpo.com\/maries\/wp-content\/uploads\/sites\/3\/2018\/12\/Couple-recadr\u00e9-plus-ag\u00e9-Pixabay-wedding-2228713_1920-1030x438.jpg"},"mh-magazine-content":{"file":"Couple-recadr\u00e9-plus-ag\u00e9-Pixabay-wedding-2228713_1920-678x381.jpg","width":678,"height":381,"mime_type":"image\/jpeg","source_url":"https:\/\/groupeproexpo.com\/maries\/wp-content\/uploads\/sites\/3\/2018\/12\/Couple-recadr\u00e9-plus-ag\u00e9-Pixabay-wedding-2228713_1920-678x381.jpg"},"mh-magazine-large":{"file":"Couple-recadr\u00e9-plus-ag\u00e9-Pixabay-wedding-2228713_1920-678x509.jpg","width":678,"height":509,"mime_type":"image\/jpeg","source_url":"https:\/\/groupeproexpo.com\/maries\/wp-content\/uploads\/sites\/3\/2018\/12\/Couple-recadr\u00e9-plus-ag\u00e9-Pixabay-wedding-2228713_1920-678x509.jpg"},"mh-magazine-medium":{"file":"Couple-recadr\u00e9-plus-ag\u00e9-Pixabay-wedding-2228713_1920-326x245.jpg","width":326,"height":245,"mime_type":"image\/jpeg","source_url":"https:\/\/groupeproexpo.com\/maries\/wp-content\/uploads\/sites\/3\/2018\/12\/Couple-recadr\u00e9-plus-ag\u00e9-Pixabay-wedding-2228713_1920-326x245.jpg"},"mh-magazine-small":{"file":"Couple-recadr\u00e9-plus-ag\u00e9-Pixabay-wedding-2228713_1920-80x60.jpg","width":80,"height":60,"mime_type":"image\/jpeg","source_url":"https:\/\/groupeproexpo.com\/maries\/wp-content\/uploads\/sites\/3\/2018\/12\/Couple-recadr\u00e9-plus-ag\u00e9-Pixabay-wedding-2228713_1920-80x60.jpg"},"full":{"file":"Couple-recadr\u00e9-plus-ag\u00e9-Pixabay-wedding-2228713_1920.jpg","width":1445,"height":1230,"mime_type":"image\/jpeg","source_url":"https:\/\/groupeproexpo.com\/maries\/wp-content\/uploads\/sites\/3\/2018\/12\/Couple-recadr\u00e9-plus-ag\u00e9-Pixabay-wedding-2228713_1920.jpg"}},"image_meta":{"aperture":"2.2","credit":"","camera":"NIKON D7200","caption":"","created_timestamp":"1475342258","copyright":"","focal_length":"35","iso":"100","shutter_speed":"0.002","title":"","orientation":"1","keywords":[]}},"post":16,"source_url":"https:\/\/groupeproexpo.com\/maries\/wp-content\/uploads\/sites\/3\/2018\/12\/Couple-recadr\u00e9-plus-ag\u00e9-Pixabay-wedding-2228713_1920.jpg","_links":{"self":[{"href":"https:\/\/groupeproexpo.com\/maries\/wp-json\/wp\/v2\/media\/3233","targetHints":{"allow":["GET"]}}],"collection":[{"href":"https:\/\/groupeproexpo.com\/maries\/wp-json\/wp\/v2\/media"}],"about":[{"href":"https:\/\/groupeproexpo.com\/maries\/wp-json\/wp\/v2\/types\/attachment"}],"author":[{"embeddable":true,"href":"https:\/\/groupeproexpo.com\/maries\/wp-json\/wp\/v2\/users\/4"}],"replies":[{"embeddable":true,"href":"https:\/\/groupeproexpo.com\/maries\/wp-json\/wp\/v2\/comments?post=3233"}]}}