{"id":16,"date":"2016-08-29T21:07:48","date_gmt":"2016-08-29T19:07:48","guid":{"rendered":"http:\/\/groupeproexpo.com\/mariee\/?page_id=16"},"modified":"2025-04-24T09:35:39","modified_gmt":"2025-04-24T13:35:39","slug":"accueil","status":"publish","type":"page","link":"https:\/\/groupeproexpo.com\/maries\/","title":{"rendered":"Accueil"},"content":{"rendered":"<h2>Un \u00e9v\u00e9nement \u00e0 ne pas manquer !<a href=\"http:\/\/groupeproexpo.com\/maries\/wp-content\/uploads\/sites\/3\/2018\/12\/Couple-recadr\u00e9-plus-ag\u00e9-Pixabay-wedding-2228713_1920.jpg\"><img loading=\"lazy\" decoding=\"async\" class=\"alignright size-medium wp-image-3233\" src=\"http:\/\/groupeproexpo.com\/maries\/wp-content\/uploads\/sites\/3\/2018\/12\/Couple-recadr\u00e9-plus-ag\u00e9-Pixabay-wedding-2228713_1920-300x255.jpg\" alt=\"\" width=\"300\" height=\"255\" srcset=\"https:\/\/groupeproexpo.com\/maries\/wp-content\/uploads\/sites\/3\/2018\/12\/Couple-recadr\u00e9-plus-ag\u00e9-Pixabay-wedding-2228713_1920-300x255.jpg 300w, https:\/\/groupeproexpo.com\/maries\/wp-content\/uploads\/sites\/3\/2018\/12\/Couple-recadr\u00e9-plus-ag\u00e9-Pixabay-wedding-2228713_1920-768x654.jpg 768w, https:\/\/groupeproexpo.com\/maries\/wp-content\/uploads\/sites\/3\/2018\/12\/Couple-recadr\u00e9-plus-ag\u00e9-Pixabay-wedding-2228713_1920-1024x872.jpg 1024w, https:\/\/groupeproexpo.com\/maries\/wp-content\/uploads\/sites\/3\/2018\/12\/Couple-recadr\u00e9-plus-ag\u00e9-Pixabay-wedding-2228713_1920.jpg 1445w\" sizes=\"auto, (max-width: 300px) 100vw, 300px\" \/><\/a><\/h2>\n<p>Groupe Pro-expo est fier de vous inviter au Salon des Mari\u00e9s qui se tiendra au Centre de foires de Qu\u00e9bec. Notre \u00e9v\u00e9nement est LA r\u00e9f\u00e9rence en mariage au Qu\u00e9bec, tant au niveau de l\u2019achalandage que par la qualit\u00e9 de nos exposants.&nbsp;En effet, les sp\u00e9cialistes de l\u2019industrie ont renseign\u00e9 un grand nombre de visiteurs int\u00e9ress\u00e9s \u00e0 organiser un mariage parfait \u00e0 leur image. Avec plus de <strong>100 kiosques<\/strong> d\u2019exposants exp\u00e9riment\u00e9s, un <strong>d\u00e9fil\u00e9 de mode<\/strong> reconnu et de nombreuses <strong>d\u00e9monstrations et d\u00e9gustations<\/strong>, nous pouvons effectivement dire que nous sommes&nbsp;<strong>la r\u00e9f\u00e9rence en mariage au Qu\u00e9bec<\/strong>!&nbsp;<\/p>\n<h2>L&rsquo;indispensable Salon des Mari\u00e9s de Qu\u00e9bec<\/h2>\n<ul>\n<li>Des exposants de qualit\u00e9<\/li>\n<li>Une \u00e9quipe comp\u00e9tente et exp\u00e9riment\u00e9e<\/li>\n<li>Une client\u00e8le cibl\u00e9e<\/li>\n<li>Toute l&rsquo;industrie sous un m\u00eame toit<\/li>\n<li>Le moment de l&rsquo;ann\u00e9e id\u00e9al pour la planification<\/li>\n<li>Un endroit facile d&rsquo;acc\u00e8s<\/li>\n<li>Une campagne publicitaire ad\u00e9quate et diversifi\u00e9e<\/li>\n<li>Un d\u00e9fil\u00e9 de mode des plus prestigieux<\/li>\n<li>Le plus beau salon du mariage au Qu\u00e9bec<\/li>\n<\/ul>\n","protected":false},"excerpt":{"rendered":"<div class=\"mh-excerpt\"><p>Un \u00e9v\u00e9nement \u00e0 ne pas manquer ! Groupe Pro-expo est fier de vous inviter au Salon des Mari\u00e9s qui se tiendra au Centre de foires de Qu\u00e9bec. Notre \u00e9v\u00e9nement est LA r\u00e9f\u00e9rence en mariage au <a class=\"mh-excerpt-more\" href=\"https:\/\/groupeproexpo.com\/maries\/\" title=\"Accueil\">[&#8230;]<\/a><\/p>\n<\/div>","protected":false},"author":1,"featured_media":0,"parent":0,"menu_order":0,"comment_status":"closed","ping_status":"closed","template":"template-homepage.php","meta":{"ngg_post_thumbnail":0,"footnotes":""},"class_list":["post-16","page","type-page","status-publish","hentry"],"yoast_head":"<!-- This site is optimized with the Yoast SEO plugin v24.4 - https:\/\/yoast.com\/wordpress\/plugins\/seo\/ -->\n<title>Accueil - Salon des Mari\u00e9s de Qu\u00e9bec<\/title>\n<meta name=\"robots\" content=\"index, follow, max-snippet:-1, max-image-preview:large, max-video-preview:-1\" \/>\n<link rel=\"canonical\" href=\"https:\/\/groupeproexpo.com\/maries\/\" \/>\n<meta property=\"og:locale\" content=\"fr_FR\" \/>\n<meta property=\"og:type\" content=\"article\" \/>\n<meta property=\"og:title\" content=\"Accueil - Salon des Mari\u00e9s de Qu\u00e9bec\" \/>\n<meta property=\"og:description\" content=\"Un \u00e9v\u00e9nement \u00e0 ne pas manquer ! Groupe Pro-expo est fier de vous inviter au Salon des Mari\u00e9s qui se tiendra au Centre de foires de Qu\u00e9bec. Notre \u00e9v\u00e9nement est LA r\u00e9f\u00e9rence en mariage au [...]\" \/>\n<meta property=\"og:url\" content=\"https:\/\/groupeproexpo.com\/maries\/\" \/>\n<meta property=\"og:site_name\" content=\"Salon des Mari\u00e9s de Qu\u00e9bec\" \/>\n<meta property=\"article:publisher\" content=\"https:\/\/www.facebook.com\/salondelamarieequebec\/\" \/>\n<meta property=\"article:modified_time\" content=\"2025-04-24T13:35:39+00:00\" \/>\n<meta name=\"twitter:card\" content=\"summary_large_image\" \/>\n<meta name=\"twitter:label1\" content=\"Dur\u00e9e de lecture estim\u00e9e\" \/>\n\t<meta name=\"twitter:data1\" content=\"2 minutes\" \/>\n<script type=\"application\/ld+json\" class=\"yoast-schema-graph\">{\"@context\":\"https:\/\/schema.org\",\"@graph\":[{\"@type\":\"WebPage\",\"@id\":\"https:\/\/groupeproexpo.com\/maries\/\",\"url\":\"https:\/\/groupeproexpo.com\/maries\/\",\"name\":\"Accueil - Salon des Mari\u00e9s de Qu\u00e9bec\",\"isPartOf\":{\"@id\":\"https:\/\/groupeproexpo.com\/maries\/#website\"},\"datePublished\":\"2016-08-29T19:07:48+00:00\",\"dateModified\":\"2025-04-24T13:35:39+00:00\",\"breadcrumb\":{\"@id\":\"https:\/\/groupeproexpo.com\/maries\/#breadcrumb\"},\"inLanguage\":\"fr-FR\",\"potentialAction\":[{\"@type\":\"ReadAction\",\"target\":[\"https:\/\/groupeproexpo.com\/maries\/\"]}]},{\"@type\":\"BreadcrumbList\",\"@id\":\"https:\/\/groupeproexpo.com\/maries\/#breadcrumb\",\"itemListElement\":[{\"@type\":\"ListItem\",\"position\":1,\"name\":\"Accueil\",\"item\":\"https:\/\/groupeproexpo.com\/maries\/\"},{\"@type\":\"ListItem\",\"position\":2,\"name\":\"Accueil\"}]},{\"@type\":\"WebSite\",\"@id\":\"https:\/\/groupeproexpo.com\/maries\/#website\",\"url\":\"https:\/\/groupeproexpo.com\/maries\/\",\"name\":\"Salon des Mari\u00e9s de Qu\u00e9bec\",\"description\":\"17-18 janvier 2026 \u2013 Expocit\u00e9\",\"potentialAction\":[{\"@type\":\"SearchAction\",\"target\":{\"@type\":\"EntryPoint\",\"urlTemplate\":\"https:\/\/groupeproexpo.com\/maries\/?s={search_term_string}\"},\"query-input\":{\"@type\":\"PropertyValueSpecification\",\"valueRequired\":true,\"valueName\":\"search_term_string\"}}],\"inLanguage\":\"fr-FR\"}]}<\/script>\n<!-- \/ Yoast SEO plugin. -->","yoast_head_json":{"title":"Accueil - Salon des Mari\u00e9s de Qu\u00e9bec","robots":{"index":"index","follow":"follow","max-snippet":"max-snippet:-1","max-image-preview":"max-image-preview:large","max-video-preview":"max-video-preview:-1"},"canonical":"https:\/\/groupeproexpo.com\/maries\/","og_locale":"fr_FR","og_type":"article","og_title":"Accueil - Salon des Mari\u00e9s de Qu\u00e9bec","og_description":"Un \u00e9v\u00e9nement \u00e0 ne pas manquer ! Groupe Pro-expo est fier de vous inviter au Salon des Mari\u00e9s qui se tiendra au Centre de foires de Qu\u00e9bec. Notre \u00e9v\u00e9nement est LA r\u00e9f\u00e9rence en mariage au [...]","og_url":"https:\/\/groupeproexpo.com\/maries\/","og_site_name":"Salon des Mari\u00e9s de Qu\u00e9bec","article_publisher":"https:\/\/www.facebook.com\/salondelamarieequebec\/","article_modified_time":"2025-04-24T13:35:39+00:00","twitter_card":"summary_large_image","twitter_misc":{"Dur\u00e9e de lecture estim\u00e9e":"2 minutes"},"schema":{"@context":"https:\/\/schema.org","@graph":[{"@type":"WebPage","@id":"https:\/\/groupeproexpo.com\/maries\/","url":"https:\/\/groupeproexpo.com\/maries\/","name":"Accueil - Salon des Mari\u00e9s de Qu\u00e9bec","isPartOf":{"@id":"https:\/\/groupeproexpo.com\/maries\/#website"},"datePublished":"2016-08-29T19:07:48+00:00","dateModified":"2025-04-24T13:35:39+00:00","breadcrumb":{"@id":"https:\/\/groupeproexpo.com\/maries\/#breadcrumb"},"inLanguage":"fr-FR","potentialAction":[{"@type":"ReadAction","target":["https:\/\/groupeproexpo.com\/maries\/"]}]},{"@type":"BreadcrumbList","@id":"https:\/\/groupeproexpo.com\/maries\/#breadcrumb","itemListElement":[{"@type":"ListItem","position":1,"name":"Accueil","item":"https:\/\/groupeproexpo.com\/maries\/"},{"@type":"ListItem","position":2,"name":"Accueil"}]},{"@type":"WebSite","@id":"https:\/\/groupeproexpo.com\/maries\/#website","url":"https:\/\/groupeproexpo.com\/maries\/","name":"Salon des Mari\u00e9s de Qu\u00e9bec","description":"17-18 janvier 2026 \u2013 Expocit\u00e9","potentialAction":[{"@type":"SearchAction","target":{"@type":"EntryPoint","urlTemplate":"https:\/\/groupeproexpo.com\/maries\/?s={search_term_string}"},"query-input":{"@type":"PropertyValueSpecification","valueRequired":true,"valueName":"search_term_string"}}],"inLanguage":"fr-FR"}]}},"_links":{"self":[{"href":"https:\/\/groupeproexpo.com\/maries\/wp-json\/wp\/v2\/pages\/16","targetHints":{"allow":["GET"]}}],"collection":[{"href":"https:\/\/groupeproexpo.com\/maries\/wp-json\/wp\/v2\/pages"}],"about":[{"href":"https:\/\/groupeproexpo.com\/maries\/wp-json\/wp\/v2\/types\/page"}],"author":[{"embeddable":true,"href":"https:\/\/groupeproexpo.com\/maries\/wp-json\/wp\/v2\/users\/1"}],"replies":[{"embeddable":true,"href":"https:\/\/groupeproexpo.com\/maries\/wp-json\/wp\/v2\/comments?post=16"}],"version-history":[{"count":26,"href":"https:\/\/groupeproexpo.com\/maries\/wp-json\/wp\/v2\/pages\/16\/revisions"}],"predecessor-version":[{"id":4086,"href":"https:\/\/groupeproexpo.com\/maries\/wp-json\/wp\/v2\/pages\/16\/revisions\/4086"}],"wp:attachment":[{"href":"https:\/\/groupeproexpo.com\/maries\/wp-json\/wp\/v2\/media?parent=16"}],"curies":[{"name":"wp","href":"https:\/\/api.w.org\/{rel}","templated":true}]}}