{"id":3055,"date":"2018-10-23T14:19:22","date_gmt":"2018-10-23T18:19:22","guid":{"rendered":"http:\/\/groupeproexpo.com\/maries\/?page_id=3055"},"modified":"2019-10-25T11:23:04","modified_gmt":"2019-10-25T15:23:04","slug":"galeries-photos","status":"publish","type":"page","link":"https:\/\/groupeproexpo.com\/maries\/galeries-photos\/","title":{"rendered":"Galeries photos et vid\u00e9os"},"content":{"rendered":"<figure id=\"attachment_3948\" aria-describedby=\"caption-attachment-3948\" style=\"width: 1500px\" class=\"wp-caption aligncenter\"><img loading=\"lazy\" decoding=\"async\" class=\"size-full wp-image-3948\" src=\"http:\/\/groupeproexpo.com\/maries\/wp-content\/uploads\/sites\/3\/2019\/10\/ROSE-Freepik-404384-PCTXTB-767.jpg\" alt=\"\" width=\"1500\" height=\"1000\" srcset=\"https:\/\/groupeproexpo.com\/maries\/wp-content\/uploads\/sites\/3\/2019\/10\/ROSE-Freepik-404384-PCTXTB-767.jpg 1500w, https:\/\/groupeproexpo.com\/maries\/wp-content\/uploads\/sites\/3\/2019\/10\/ROSE-Freepik-404384-PCTXTB-767-300x200.jpg 300w, https:\/\/groupeproexpo.com\/maries\/wp-content\/uploads\/sites\/3\/2019\/10\/ROSE-Freepik-404384-PCTXTB-767-768x512.jpg 768w, https:\/\/groupeproexpo.com\/maries\/wp-content\/uploads\/sites\/3\/2019\/10\/ROSE-Freepik-404384-PCTXTB-767-1024x683.jpg 1024w\" sizes=\"auto, (max-width: 1500px) 100vw, 1500px\" \/><figcaption id=\"caption-attachment-3948\" class=\"wp-caption-text\">Freepik<\/figcaption><\/figure>\n<h2>Photos<\/h2>\n<p><a href=\"http:\/\/groupeproexpo.com\/maries\/photos-2019\/\" target=\"_blank\" rel=\"noopener noreferrer\">Photos 2019<\/a><br \/>\n<a href=\"http:\/\/groupeproexpo.com\/maries\/photos-2018\/\" target=\"_blank\" rel=\"noopener noreferrer\">Photos 2018<\/a>&nbsp;<br \/>\n<a href=\"http:\/\/groupeproexpo.com\/maries\/photos2017\/\" target=\"_blank\" rel=\"noopener noreferrer\">Photos 2017<\/a><\/p>\n<h2>Vid\u00e9os<\/h2>\n<p><a href=\"https:\/\/youtu.be\/4p04O_QXq5c\" target=\"_blank\" rel=\"noopener noreferrer\">Pub t\u00e9l\u00e9 2019<\/a><br \/>\n<a href=\"https:\/\/www.youtube.com\/watch?v=XXsPgeFMGY8&amp;feature=youtu.be&amp;fbclid=IwAR3R6Bsu12lx0ahoJMvtHnqvdOliC0jhciurFL0dypMflD2Pdxb6F_rcfOc\" target=\"_blank\" rel=\"noopener noreferrer\">Vid\u00e9o souvenir 2018<\/a>&nbsp;<br \/>\n<a href=\"https:\/\/www.youtube.com\/watch?v=zwjUaGzohm0\" target=\"_blank\" rel=\"noopener noreferrer\">Vid\u00e9o 2017<\/a><\/p>\n","protected":false},"excerpt":{"rendered":"<div class=\"mh-excerpt\"><p>Photos Photos 2019 Photos 2018&nbsp; Photos 2017 Vid\u00e9os Pub t\u00e9l\u00e9 2019 Vid\u00e9o souvenir 2018&nbsp; Vid\u00e9o 2017<\/p>\n<\/div>","protected":false},"author":4,"featured_media":0,"parent":0,"menu_order":0,"comment_status":"closed","ping_status":"closed","template":"","meta":{"ngg_post_thumbnail":0,"footnotes":""},"class_list":["post-3055","page","type-page","status-publish","hentry"],"yoast_head":"<!-- This site is optimized with the Yoast SEO plugin v24.4 - https:\/\/yoast.com\/wordpress\/plugins\/seo\/ -->\n<title>Galeries photos et vid\u00e9os - Salon des Mari\u00e9s de Qu\u00e9bec<\/title>\n<meta name=\"robots\" content=\"index, follow, max-snippet:-1, max-image-preview:large, max-video-preview:-1\" \/>\n<link rel=\"canonical\" href=\"https:\/\/groupeproexpo.com\/maries\/galeries-photos\/\" \/>\n<meta property=\"og:locale\" content=\"fr_FR\" \/>\n<meta property=\"og:type\" content=\"article\" \/>\n<meta property=\"og:title\" content=\"Galeries photos et vid\u00e9os - Salon des Mari\u00e9s de Qu\u00e9bec\" \/>\n<meta property=\"og:description\" content=\"Photos Photos 2019 Photos 2018&nbsp; Photos 2017 Vid\u00e9os Pub t\u00e9l\u00e9 2019 Vid\u00e9o souvenir 2018&nbsp; Vid\u00e9o 2017\" \/>\n<meta property=\"og:url\" content=\"https:\/\/groupeproexpo.com\/maries\/galeries-photos\/\" \/>\n<meta property=\"og:site_name\" content=\"Salon des Mari\u00e9s de Qu\u00e9bec\" \/>\n<meta property=\"article:publisher\" content=\"https:\/\/www.facebook.com\/salondelamarieequebec\/\" \/>\n<meta property=\"article:modified_time\" content=\"2019-10-25T15:23:04+00:00\" \/>\n<meta property=\"og:image\" content=\"https:\/\/groupeproexpo.com\/maries\/wp-content\/uploads\/sites\/3\/2019\/10\/ROSE-Freepik-404384-PCTXTB-767.jpg\" \/>\n\t<meta property=\"og:image:width\" content=\"1500\" \/>\n\t<meta property=\"og:image:height\" content=\"1000\" \/>\n\t<meta property=\"og:image:type\" content=\"image\/jpeg\" \/>\n<meta name=\"twitter:card\" content=\"summary_large_image\" \/>\n<script type=\"application\/ld+json\" class=\"yoast-schema-graph\">{\"@context\":\"https:\/\/schema.org\",\"@graph\":[{\"@type\":\"WebPage\",\"@id\":\"https:\/\/groupeproexpo.com\/maries\/galeries-photos\/\",\"url\":\"https:\/\/groupeproexpo.com\/maries\/galeries-photos\/\",\"name\":\"Galeries photos et vid\u00e9os - Salon des Mari\u00e9s de Qu\u00e9bec\",\"isPartOf\":{\"@id\":\"https:\/\/groupeproexpo.com\/maries\/#website\"},\"primaryImageOfPage\":{\"@id\":\"https:\/\/groupeproexpo.com\/maries\/galeries-photos\/#primaryimage\"},\"image\":{\"@id\":\"https:\/\/groupeproexpo.com\/maries\/galeries-photos\/#primaryimage\"},\"thumbnailUrl\":\"http:\/\/groupeproexpo.com\/maries\/wp-content\/uploads\/sites\/3\/2019\/10\/ROSE-Freepik-404384-PCTXTB-767.jpg\",\"datePublished\":\"2018-10-23T18:19:22+00:00\",\"dateModified\":\"2019-10-25T15:23:04+00:00\",\"breadcrumb\":{\"@id\":\"https:\/\/groupeproexpo.com\/maries\/galeries-photos\/#breadcrumb\"},\"inLanguage\":\"fr-FR\",\"potentialAction\":[{\"@type\":\"ReadAction\",\"target\":[\"https:\/\/groupeproexpo.com\/maries\/galeries-photos\/\"]}]},{\"@type\":\"ImageObject\",\"inLanguage\":\"fr-FR\",\"@id\":\"https:\/\/groupeproexpo.com\/maries\/galeries-photos\/#primaryimage\",\"url\":\"http:\/\/groupeproexpo.com\/maries\/wp-content\/uploads\/sites\/3\/2019\/10\/ROSE-Freepik-404384-PCTXTB-767.jpg\",\"contentUrl\":\"http:\/\/groupeproexpo.com\/maries\/wp-content\/uploads\/sites\/3\/2019\/10\/ROSE-Freepik-404384-PCTXTB-767.jpg\"},{\"@type\":\"BreadcrumbList\",\"@id\":\"https:\/\/groupeproexpo.com\/maries\/galeries-photos\/#breadcrumb\",\"itemListElement\":[{\"@type\":\"ListItem\",\"position\":1,\"name\":\"Accueil\",\"item\":\"https:\/\/groupeproexpo.com\/maries\/\"},{\"@type\":\"ListItem\",\"position\":2,\"name\":\"Galeries photos et vid\u00e9os\"}]},{\"@type\":\"WebSite\",\"@id\":\"https:\/\/groupeproexpo.com\/maries\/#website\",\"url\":\"https:\/\/groupeproexpo.com\/maries\/\",\"name\":\"Salon des Mari\u00e9s de Qu\u00e9bec\",\"description\":\"17-18 janvier 2026 \u2013 Expocit\u00e9\",\"potentialAction\":[{\"@type\":\"SearchAction\",\"target\":{\"@type\":\"EntryPoint\",\"urlTemplate\":\"https:\/\/groupeproexpo.com\/maries\/?s={search_term_string}\"},\"query-input\":{\"@type\":\"PropertyValueSpecification\",\"valueRequired\":true,\"valueName\":\"search_term_string\"}}],\"inLanguage\":\"fr-FR\"}]}<\/script>\n<!-- \/ Yoast SEO plugin. -->","yoast_head_json":{"title":"Galeries photos et vid\u00e9os - Salon des Mari\u00e9s de Qu\u00e9bec","robots":{"index":"index","follow":"follow","max-snippet":"max-snippet:-1","max-image-preview":"max-image-preview:large","max-video-preview":"max-video-preview:-1"},"canonical":"https:\/\/groupeproexpo.com\/maries\/galeries-photos\/","og_locale":"fr_FR","og_type":"article","og_title":"Galeries photos et vid\u00e9os - Salon des Mari\u00e9s de Qu\u00e9bec","og_description":"Photos Photos 2019 Photos 2018&nbsp; Photos 2017 Vid\u00e9os Pub t\u00e9l\u00e9 2019 Vid\u00e9o souvenir 2018&nbsp; Vid\u00e9o 2017","og_url":"https:\/\/groupeproexpo.com\/maries\/galeries-photos\/","og_site_name":"Salon des Mari\u00e9s de Qu\u00e9bec","article_publisher":"https:\/\/www.facebook.com\/salondelamarieequebec\/","article_modified_time":"2019-10-25T15:23:04+00:00","og_image":[{"width":1500,"height":1000,"url":"https:\/\/groupeproexpo.com\/maries\/wp-content\/uploads\/sites\/3\/2019\/10\/ROSE-Freepik-404384-PCTXTB-767.jpg","type":"image\/jpeg"}],"twitter_card":"summary_large_image","schema":{"@context":"https:\/\/schema.org","@graph":[{"@type":"WebPage","@id":"https:\/\/groupeproexpo.com\/maries\/galeries-photos\/","url":"https:\/\/groupeproexpo.com\/maries\/galeries-photos\/","name":"Galeries photos et vid\u00e9os - Salon des Mari\u00e9s de Qu\u00e9bec","isPartOf":{"@id":"https:\/\/groupeproexpo.com\/maries\/#website"},"primaryImageOfPage":{"@id":"https:\/\/groupeproexpo.com\/maries\/galeries-photos\/#primaryimage"},"image":{"@id":"https:\/\/groupeproexpo.com\/maries\/galeries-photos\/#primaryimage"},"thumbnailUrl":"http:\/\/groupeproexpo.com\/maries\/wp-content\/uploads\/sites\/3\/2019\/10\/ROSE-Freepik-404384-PCTXTB-767.jpg","datePublished":"2018-10-23T18:19:22+00:00","dateModified":"2019-10-25T15:23:04+00:00","breadcrumb":{"@id":"https:\/\/groupeproexpo.com\/maries\/galeries-photos\/#breadcrumb"},"inLanguage":"fr-FR","potentialAction":[{"@type":"ReadAction","target":["https:\/\/groupeproexpo.com\/maries\/galeries-photos\/"]}]},{"@type":"ImageObject","inLanguage":"fr-FR","@id":"https:\/\/groupeproexpo.com\/maries\/galeries-photos\/#primaryimage","url":"http:\/\/groupeproexpo.com\/maries\/wp-content\/uploads\/sites\/3\/2019\/10\/ROSE-Freepik-404384-PCTXTB-767.jpg","contentUrl":"http:\/\/groupeproexpo.com\/maries\/wp-content\/uploads\/sites\/3\/2019\/10\/ROSE-Freepik-404384-PCTXTB-767.jpg"},{"@type":"BreadcrumbList","@id":"https:\/\/groupeproexpo.com\/maries\/galeries-photos\/#breadcrumb","itemListElement":[{"@type":"ListItem","position":1,"name":"Accueil","item":"https:\/\/groupeproexpo.com\/maries\/"},{"@type":"ListItem","position":2,"name":"Galeries photos et vid\u00e9os"}]},{"@type":"WebSite","@id":"https:\/\/groupeproexpo.com\/maries\/#website","url":"https:\/\/groupeproexpo.com\/maries\/","name":"Salon des Mari\u00e9s de Qu\u00e9bec","description":"17-18 janvier 2026 \u2013 Expocit\u00e9","potentialAction":[{"@type":"SearchAction","target":{"@type":"EntryPoint","urlTemplate":"https:\/\/groupeproexpo.com\/maries\/?s={search_term_string}"},"query-input":{"@type":"PropertyValueSpecification","valueRequired":true,"valueName":"search_term_string"}}],"inLanguage":"fr-FR"}]}},"_links":{"self":[{"href":"https:\/\/groupeproexpo.com\/maries\/wp-json\/wp\/v2\/pages\/3055","targetHints":{"allow":["GET"]}}],"collection":[{"href":"https:\/\/groupeproexpo.com\/maries\/wp-json\/wp\/v2\/pages"}],"about":[{"href":"https:\/\/groupeproexpo.com\/maries\/wp-json\/wp\/v2\/types\/page"}],"author":[{"embeddable":true,"href":"https:\/\/groupeproexpo.com\/maries\/wp-json\/wp\/v2\/users\/4"}],"replies":[{"embeddable":true,"href":"https:\/\/groupeproexpo.com\/maries\/wp-json\/wp\/v2\/comments?post=3055"}],"version-history":[{"count":26,"href":"https:\/\/groupeproexpo.com\/maries\/wp-json\/wp\/v2\/pages\/3055\/revisions"}],"predecessor-version":[{"id":3994,"href":"https:\/\/groupeproexpo.com\/maries\/wp-json\/wp\/v2\/pages\/3055\/revisions\/3994"}],"wp:attachment":[{"href":"https:\/\/groupeproexpo.com\/maries\/wp-json\/wp\/v2\/media?parent=3055"}],"curies":[{"name":"wp","href":"https:\/\/api.w.org\/{rel}","templated":true}]}}