{"id":3059,"date":"2018-10-23T14:21:48","date_gmt":"2018-10-23T18:21:48","guid":{"rendered":"http:\/\/groupeproexpo.com\/maries\/?page_id=3059"},"modified":"2018-10-23T15:25:14","modified_gmt":"2018-10-23T19:25:14","slug":"photos-2018","status":"publish","type":"page","link":"https:\/\/groupeproexpo.com\/maries\/photos-2018\/","title":{"rendered":"Photos 2018"},"content":{"rendered":"<p><strong>Salon des mari\u00e9s de Qu\u00e9bec, 20-21 octobre 2018<\/strong><\/p>\n<p>Quelques photos du d\u00e9fil\u00e9 et de quelques-uns de nos exposants.<\/p>\nngg_shortcode_0_placeholder\n","protected":false},"excerpt":{"rendered":"<div class=\"mh-excerpt\"><p>Salon des mari\u00e9s de Qu\u00e9bec, 20-21 octobre 2018 Quelques photos du d\u00e9fil\u00e9 et de quelques-uns de nos exposants. \u00a0\u00bb order_by=\u00a0\u00bbsortorder\u00a0\u00bb order_direction=\u00a0\u00bbASC\u00a0\u00bb returns=\u00a0\u00bbincluded\u00a0\u00bb maximum_entity_count=\u00a0\u00bb500&Prime;]<\/p>\n<\/div>","protected":false},"author":4,"featured_media":0,"parent":0,"menu_order":0,"comment_status":"closed","ping_status":"closed","template":"","meta":{"ngg_post_thumbnail":0,"footnotes":""},"class_list":["post-3059","page","type-page","status-publish","hentry"],"yoast_head":"<!-- This site is optimized with the Yoast SEO plugin v24.4 - https:\/\/yoast.com\/wordpress\/plugins\/seo\/ -->\n<title>Photos 2018 - Salon des Mari\u00e9s de Qu\u00e9bec<\/title>\n<meta name=\"robots\" content=\"index, follow, max-snippet:-1, max-image-preview:large, max-video-preview:-1\" \/>\n<link rel=\"canonical\" href=\"https:\/\/groupeproexpo.com\/maries\/photos-2018\/\" \/>\n<meta property=\"og:locale\" content=\"fr_FR\" \/>\n<meta property=\"og:type\" content=\"article\" \/>\n<meta property=\"og:title\" content=\"Photos 2018 - Salon des Mari\u00e9s de Qu\u00e9bec\" \/>\n<meta property=\"og:description\" content=\"Salon des mari\u00e9s de Qu\u00e9bec, 20-21 octobre 2018 Quelques photos du d\u00e9fil\u00e9 et de quelques-uns de nos exposants. \u00a0\u00bb order_by=\u00a0\u00bbsortorder\u00a0\u00bb order_direction=\u00a0\u00bbASC\u00a0\u00bb returns=\u00a0\u00bbincluded\u00a0\u00bb maximum_entity_count=\u00a0\u00bb500&Prime;]\" \/>\n<meta property=\"og:url\" content=\"https:\/\/groupeproexpo.com\/maries\/photos-2018\/\" \/>\n<meta property=\"og:site_name\" content=\"Salon des Mari\u00e9s de Qu\u00e9bec\" \/>\n<meta property=\"article:publisher\" content=\"https:\/\/www.facebook.com\/salondelamarieequebec\/\" \/>\n<meta property=\"article:modified_time\" content=\"2018-10-23T19:25:14+00:00\" \/>\n<meta name=\"twitter:card\" content=\"summary_large_image\" \/>\n<script type=\"application\/ld+json\" class=\"yoast-schema-graph\">{\"@context\":\"https:\/\/schema.org\",\"@graph\":[{\"@type\":\"WebPage\",\"@id\":\"https:\/\/groupeproexpo.com\/maries\/photos-2018\/\",\"url\":\"https:\/\/groupeproexpo.com\/maries\/photos-2018\/\",\"name\":\"Photos 2018 - Salon des Mari\u00e9s de Qu\u00e9bec\",\"isPartOf\":{\"@id\":\"https:\/\/groupeproexpo.com\/maries\/#website\"},\"datePublished\":\"2018-10-23T18:21:48+00:00\",\"dateModified\":\"2018-10-23T19:25:14+00:00\",\"breadcrumb\":{\"@id\":\"https:\/\/groupeproexpo.com\/maries\/photos-2018\/#breadcrumb\"},\"inLanguage\":\"fr-FR\",\"potentialAction\":[{\"@type\":\"ReadAction\",\"target\":[\"https:\/\/groupeproexpo.com\/maries\/photos-2018\/\"]}]},{\"@type\":\"BreadcrumbList\",\"@id\":\"https:\/\/groupeproexpo.com\/maries\/photos-2018\/#breadcrumb\",\"itemListElement\":[{\"@type\":\"ListItem\",\"position\":1,\"name\":\"Accueil\",\"item\":\"https:\/\/groupeproexpo.com\/maries\/\"},{\"@type\":\"ListItem\",\"position\":2,\"name\":\"Photos 2018\"}]},{\"@type\":\"WebSite\",\"@id\":\"https:\/\/groupeproexpo.com\/maries\/#website\",\"url\":\"https:\/\/groupeproexpo.com\/maries\/\",\"name\":\"Salon des Mari\u00e9s de Qu\u00e9bec\",\"description\":\"17-18 janvier 2026 \u2013 Expocit\u00e9\",\"potentialAction\":[{\"@type\":\"SearchAction\",\"target\":{\"@type\":\"EntryPoint\",\"urlTemplate\":\"https:\/\/groupeproexpo.com\/maries\/?s={search_term_string}\"},\"query-input\":{\"@type\":\"PropertyValueSpecification\",\"valueRequired\":true,\"valueName\":\"search_term_string\"}}],\"inLanguage\":\"fr-FR\"}]}<\/script>\n<!-- \/ Yoast SEO plugin. -->","yoast_head_json":{"title":"Photos 2018 - Salon des Mari\u00e9s de Qu\u00e9bec","robots":{"index":"index","follow":"follow","max-snippet":"max-snippet:-1","max-image-preview":"max-image-preview:large","max-video-preview":"max-video-preview:-1"},"canonical":"https:\/\/groupeproexpo.com\/maries\/photos-2018\/","og_locale":"fr_FR","og_type":"article","og_title":"Photos 2018 - Salon des Mari\u00e9s de Qu\u00e9bec","og_description":"Salon des mari\u00e9s de Qu\u00e9bec, 20-21 octobre 2018 Quelques photos du d\u00e9fil\u00e9 et de quelques-uns de nos exposants. \u00a0\u00bb order_by=\u00a0\u00bbsortorder\u00a0\u00bb order_direction=\u00a0\u00bbASC\u00a0\u00bb returns=\u00a0\u00bbincluded\u00a0\u00bb maximum_entity_count=\u00a0\u00bb500&Prime;]","og_url":"https:\/\/groupeproexpo.com\/maries\/photos-2018\/","og_site_name":"Salon des Mari\u00e9s de Qu\u00e9bec","article_publisher":"https:\/\/www.facebook.com\/salondelamarieequebec\/","article_modified_time":"2018-10-23T19:25:14+00:00","twitter_card":"summary_large_image","schema":{"@context":"https:\/\/schema.org","@graph":[{"@type":"WebPage","@id":"https:\/\/groupeproexpo.com\/maries\/photos-2018\/","url":"https:\/\/groupeproexpo.com\/maries\/photos-2018\/","name":"Photos 2018 - Salon des Mari\u00e9s de Qu\u00e9bec","isPartOf":{"@id":"https:\/\/groupeproexpo.com\/maries\/#website"},"datePublished":"2018-10-23T18:21:48+00:00","dateModified":"2018-10-23T19:25:14+00:00","breadcrumb":{"@id":"https:\/\/groupeproexpo.com\/maries\/photos-2018\/#breadcrumb"},"inLanguage":"fr-FR","potentialAction":[{"@type":"ReadAction","target":["https:\/\/groupeproexpo.com\/maries\/photos-2018\/"]}]},{"@type":"BreadcrumbList","@id":"https:\/\/groupeproexpo.com\/maries\/photos-2018\/#breadcrumb","itemListElement":[{"@type":"ListItem","position":1,"name":"Accueil","item":"https:\/\/groupeproexpo.com\/maries\/"},{"@type":"ListItem","position":2,"name":"Photos 2018"}]},{"@type":"WebSite","@id":"https:\/\/groupeproexpo.com\/maries\/#website","url":"https:\/\/groupeproexpo.com\/maries\/","name":"Salon des Mari\u00e9s de Qu\u00e9bec","description":"17-18 janvier 2026 \u2013 Expocit\u00e9","potentialAction":[{"@type":"SearchAction","target":{"@type":"EntryPoint","urlTemplate":"https:\/\/groupeproexpo.com\/maries\/?s={search_term_string}"},"query-input":{"@type":"PropertyValueSpecification","valueRequired":true,"valueName":"search_term_string"}}],"inLanguage":"fr-FR"}]}},"_links":{"self":[{"href":"https:\/\/groupeproexpo.com\/maries\/wp-json\/wp\/v2\/pages\/3059","targetHints":{"allow":["GET"]}}],"collection":[{"href":"https:\/\/groupeproexpo.com\/maries\/wp-json\/wp\/v2\/pages"}],"about":[{"href":"https:\/\/groupeproexpo.com\/maries\/wp-json\/wp\/v2\/types\/page"}],"author":[{"embeddable":true,"href":"https:\/\/groupeproexpo.com\/maries\/wp-json\/wp\/v2\/users\/4"}],"replies":[{"embeddable":true,"href":"https:\/\/groupeproexpo.com\/maries\/wp-json\/wp\/v2\/comments?post=3059"}],"version-history":[{"count":3,"href":"https:\/\/groupeproexpo.com\/maries\/wp-json\/wp\/v2\/pages\/3059\/revisions"}],"predecessor-version":[{"id":3085,"href":"https:\/\/groupeproexpo.com\/maries\/wp-json\/wp\/v2\/pages\/3059\/revisions\/3085"}],"wp:attachment":[{"href":"https:\/\/groupeproexpo.com\/maries\/wp-json\/wp\/v2\/media?parent=3059"}],"curies":[{"name":"wp","href":"https:\/\/api.w.org\/{rel}","templated":true}]}}