{"id":3992,"date":"2019-10-25T11:22:32","date_gmt":"2019-10-25T15:22:32","guid":{"rendered":"http:\/\/groupeproexpo.com\/maries\/?page_id=3992"},"modified":"2019-10-25T14:54:31","modified_gmt":"2019-10-25T18:54:31","slug":"photos-2019","status":"publish","type":"page","link":"https:\/\/groupeproexpo.com\/maries\/photos-2019\/","title":{"rendered":"Photos 2019"},"content":{"rendered":"<header class=\"page-header\">\n<h1 class=\"entry-title page-title\">Photos 2019<\/h1>\n<\/header>\n<div class=\"entry-content clearfix\">\n<p><strong>Salon des mari\u00e9s de Qu\u00e9bec, 19-20 octobre 2019<\/strong><\/p>\n<p>Quelques photos du d\u00e9fil\u00e9 et de quelques-uns de nos exposants.<\/p>\nngg_shortcode_0_placeholder<\/div>\n","protected":false},"excerpt":{"rendered":"<div class=\"mh-excerpt\"><p>Photos 2019 Salon des mari\u00e9s de Qu\u00e9bec, 19-20 octobre 2019 Quelques photos du d\u00e9fil\u00e9 et de quelques-uns de nos exposants.<\/p>\n<\/div>","protected":false},"author":4,"featured_media":0,"parent":0,"menu_order":0,"comment_status":"closed","ping_status":"closed","template":"","meta":{"ngg_post_thumbnail":0,"footnotes":""},"class_list":["post-3992","page","type-page","status-publish","hentry"],"yoast_head":"<!-- This site is optimized with the Yoast SEO plugin v24.4 - https:\/\/yoast.com\/wordpress\/plugins\/seo\/ -->\n<title>Photos 2019 - Salon des Mari\u00e9s de Qu\u00e9bec<\/title>\n<meta name=\"robots\" content=\"index, follow, max-snippet:-1, max-image-preview:large, max-video-preview:-1\" \/>\n<link rel=\"canonical\" href=\"https:\/\/groupeproexpo.com\/maries\/photos-2019\/\" \/>\n<meta property=\"og:locale\" content=\"fr_FR\" \/>\n<meta property=\"og:type\" content=\"article\" \/>\n<meta property=\"og:title\" content=\"Photos 2019 - Salon des Mari\u00e9s de Qu\u00e9bec\" \/>\n<meta property=\"og:description\" content=\"Photos 2019 Salon des mari\u00e9s de Qu\u00e9bec, 19-20 octobre 2019 Quelques photos du d\u00e9fil\u00e9 et de quelques-uns de nos exposants.\" \/>\n<meta property=\"og:url\" content=\"https:\/\/groupeproexpo.com\/maries\/photos-2019\/\" \/>\n<meta property=\"og:site_name\" content=\"Salon des Mari\u00e9s de Qu\u00e9bec\" \/>\n<meta property=\"article:publisher\" content=\"https:\/\/www.facebook.com\/salondelamarieequebec\/\" \/>\n<meta property=\"article:modified_time\" content=\"2019-10-25T18:54:31+00:00\" \/>\n<meta name=\"twitter:card\" content=\"summary_large_image\" \/>\n<script type=\"application\/ld+json\" class=\"yoast-schema-graph\">{\"@context\":\"https:\/\/schema.org\",\"@graph\":[{\"@type\":\"WebPage\",\"@id\":\"https:\/\/groupeproexpo.com\/maries\/photos-2019\/\",\"url\":\"https:\/\/groupeproexpo.com\/maries\/photos-2019\/\",\"name\":\"Photos 2019 - Salon des Mari\u00e9s de Qu\u00e9bec\",\"isPartOf\":{\"@id\":\"https:\/\/groupeproexpo.com\/maries\/#website\"},\"datePublished\":\"2019-10-25T15:22:32+00:00\",\"dateModified\":\"2019-10-25T18:54:31+00:00\",\"breadcrumb\":{\"@id\":\"https:\/\/groupeproexpo.com\/maries\/photos-2019\/#breadcrumb\"},\"inLanguage\":\"fr-FR\",\"potentialAction\":[{\"@type\":\"ReadAction\",\"target\":[\"https:\/\/groupeproexpo.com\/maries\/photos-2019\/\"]}]},{\"@type\":\"BreadcrumbList\",\"@id\":\"https:\/\/groupeproexpo.com\/maries\/photos-2019\/#breadcrumb\",\"itemListElement\":[{\"@type\":\"ListItem\",\"position\":1,\"name\":\"Accueil\",\"item\":\"https:\/\/groupeproexpo.com\/maries\/\"},{\"@type\":\"ListItem\",\"position\":2,\"name\":\"Photos 2019\"}]},{\"@type\":\"WebSite\",\"@id\":\"https:\/\/groupeproexpo.com\/maries\/#website\",\"url\":\"https:\/\/groupeproexpo.com\/maries\/\",\"name\":\"Salon des Mari\u00e9s de Qu\u00e9bec\",\"description\":\"17-18 janvier 2026 \u2013 Expocit\u00e9\",\"potentialAction\":[{\"@type\":\"SearchAction\",\"target\":{\"@type\":\"EntryPoint\",\"urlTemplate\":\"https:\/\/groupeproexpo.com\/maries\/?s={search_term_string}\"},\"query-input\":{\"@type\":\"PropertyValueSpecification\",\"valueRequired\":true,\"valueName\":\"search_term_string\"}}],\"inLanguage\":\"fr-FR\"}]}<\/script>\n<!-- \/ Yoast SEO plugin. -->","yoast_head_json":{"title":"Photos 2019 - Salon des Mari\u00e9s de Qu\u00e9bec","robots":{"index":"index","follow":"follow","max-snippet":"max-snippet:-1","max-image-preview":"max-image-preview:large","max-video-preview":"max-video-preview:-1"},"canonical":"https:\/\/groupeproexpo.com\/maries\/photos-2019\/","og_locale":"fr_FR","og_type":"article","og_title":"Photos 2019 - Salon des Mari\u00e9s de Qu\u00e9bec","og_description":"Photos 2019 Salon des mari\u00e9s de Qu\u00e9bec, 19-20 octobre 2019 Quelques photos du d\u00e9fil\u00e9 et de quelques-uns de nos exposants.","og_url":"https:\/\/groupeproexpo.com\/maries\/photos-2019\/","og_site_name":"Salon des Mari\u00e9s de Qu\u00e9bec","article_publisher":"https:\/\/www.facebook.com\/salondelamarieequebec\/","article_modified_time":"2019-10-25T18:54:31+00:00","twitter_card":"summary_large_image","schema":{"@context":"https:\/\/schema.org","@graph":[{"@type":"WebPage","@id":"https:\/\/groupeproexpo.com\/maries\/photos-2019\/","url":"https:\/\/groupeproexpo.com\/maries\/photos-2019\/","name":"Photos 2019 - Salon des Mari\u00e9s de Qu\u00e9bec","isPartOf":{"@id":"https:\/\/groupeproexpo.com\/maries\/#website"},"datePublished":"2019-10-25T15:22:32+00:00","dateModified":"2019-10-25T18:54:31+00:00","breadcrumb":{"@id":"https:\/\/groupeproexpo.com\/maries\/photos-2019\/#breadcrumb"},"inLanguage":"fr-FR","potentialAction":[{"@type":"ReadAction","target":["https:\/\/groupeproexpo.com\/maries\/photos-2019\/"]}]},{"@type":"BreadcrumbList","@id":"https:\/\/groupeproexpo.com\/maries\/photos-2019\/#breadcrumb","itemListElement":[{"@type":"ListItem","position":1,"name":"Accueil","item":"https:\/\/groupeproexpo.com\/maries\/"},{"@type":"ListItem","position":2,"name":"Photos 2019"}]},{"@type":"WebSite","@id":"https:\/\/groupeproexpo.com\/maries\/#website","url":"https:\/\/groupeproexpo.com\/maries\/","name":"Salon des Mari\u00e9s de Qu\u00e9bec","description":"17-18 janvier 2026 \u2013 Expocit\u00e9","potentialAction":[{"@type":"SearchAction","target":{"@type":"EntryPoint","urlTemplate":"https:\/\/groupeproexpo.com\/maries\/?s={search_term_string}"},"query-input":{"@type":"PropertyValueSpecification","valueRequired":true,"valueName":"search_term_string"}}],"inLanguage":"fr-FR"}]}},"_links":{"self":[{"href":"https:\/\/groupeproexpo.com\/maries\/wp-json\/wp\/v2\/pages\/3992","targetHints":{"allow":["GET"]}}],"collection":[{"href":"https:\/\/groupeproexpo.com\/maries\/wp-json\/wp\/v2\/pages"}],"about":[{"href":"https:\/\/groupeproexpo.com\/maries\/wp-json\/wp\/v2\/types\/page"}],"author":[{"embeddable":true,"href":"https:\/\/groupeproexpo.com\/maries\/wp-json\/wp\/v2\/users\/4"}],"replies":[{"embeddable":true,"href":"https:\/\/groupeproexpo.com\/maries\/wp-json\/wp\/v2\/comments?post=3992"}],"version-history":[{"count":1,"href":"https:\/\/groupeproexpo.com\/maries\/wp-json\/wp\/v2\/pages\/3992\/revisions"}],"predecessor-version":[{"id":3993,"href":"https:\/\/groupeproexpo.com\/maries\/wp-json\/wp\/v2\/pages\/3992\/revisions\/3993"}],"wp:attachment":[{"href":"https:\/\/groupeproexpo.com\/maries\/wp-json\/wp\/v2\/media?parent=3992"}],"curies":[{"name":"wp","href":"https:\/\/api.w.org\/{rel}","templated":true}]}}