{"version":"1.0","provider_name":"Le Salon Carrefour 50 ans +","provider_url":"https:\/\/groupeproexpo.com\/saloncarrefour50ansplus","author_name":"roger","author_url":"https:\/\/groupeproexpo.com\/saloncarrefour50ansplus\/author\/roger\/","title":"COMPLEXES FUN\u00c9RAIRES YVES L\u00c9GAR\u00c9 - Le Salon Carrefour 50 ans +","type":"rich","width":600,"height":338,"html":"<blockquote class=\"wp-embedded-content\" data-secret=\"O8yu3blTwi\"><a href=\"https:\/\/groupeproexpo.com\/saloncarrefour50ansplus\/yves-legare-complexes-funeraires\/\">COMPLEXES FUN\u00c9RAIRES YVES L\u00c9GAR\u00c9<\/a><\/blockquote><iframe sandbox=\"allow-scripts\" security=\"restricted\" src=\"https:\/\/groupeproexpo.com\/saloncarrefour50ansplus\/yves-legare-complexes-funeraires\/embed\/#?secret=O8yu3blTwi\" width=\"600\" height=\"338\" title=\"\u00ab\u00a0COMPLEXES FUN\u00c9RAIRES YVES L\u00c9GAR\u00c9\u00a0\u00bb &#8212; Le Salon Carrefour 50 ans +\" data-secret=\"O8yu3blTwi\" frameborder=\"0\" marginwidth=\"0\" marginheight=\"0\" scrolling=\"no\" class=\"wp-embedded-content\"><\/iframe><script type=\"text\/javascript\">\n\/* <![CDATA[ *\/\n\/*! This file is auto-generated *\/\n!function(d,l){\"use strict\";l.querySelector&&d.addEventListener&&\"undefined\"!=typeof URL&&(d.wp=d.wp||{},d.wp.receiveEmbedMessage||(d.wp.receiveEmbedMessage=function(e){var t=e.data;if((t||t.secret||t.message||t.value)&&!\/[^a-zA-Z0-9]\/.test(t.secret)){for(var s,r,n,a=l.querySelectorAll('iframe[data-secret=\"'+t.secret+'\"]'),o=l.querySelectorAll('blockquote[data-secret=\"'+t.secret+'\"]'),c=new RegExp(\"^https?:$\",\"i\"),i=0;i<o.length;i++)o[i].style.display=\"none\";for(i=0;i<a.length;i++)s=a[i],e.source===s.contentWindow&&(s.removeAttribute(\"style\"),\"height\"===t.message?(1e3<(r=parseInt(t.value,10))?r=1e3:~~r<200&&(r=200),s.height=r):\"link\"===t.message&&(r=new URL(s.getAttribute(\"src\")),n=new URL(t.value),c.test(n.protocol))&&n.host===r.host&&l.activeElement===s&&(d.top.location.href=t.value))}},d.addEventListener(\"message\",d.wp.receiveEmbedMessage,!1),l.addEventListener(\"DOMContentLoaded\",function(){for(var e,t,s=l.querySelectorAll(\"iframe.wp-embedded-content\"),r=0;r<s.length;r++)(t=(e=s[r]).getAttribute(\"data-secret\"))||(t=Math.random().toString(36).substring(2,12),e.src+=\"#?secret=\"+t,e.setAttribute(\"data-secret\",t)),e.contentWindow.postMessage({message:\"ready\",secret:t},\"*\")},!1)))}(window,document);\n\/* ]]> *\/\n<\/script>\n","thumbnail_url":"https:\/\/groupeproexpo.com\/saloncarrefour50ansplus\/wp-content\/uploads\/sites\/9\/2018\/09\/FUN\u00c9RAIRE-CADRE-BLEU.jpg","thumbnail_width":1920,"thumbnail_height":1080,"description":"Avec vous&#8230;&nbsp;Le deuil est une exp\u00e9rience profond\u00e9ment intime. Nous pouvons partager avec les autres notre douleur, mais selon nos croyances, nos traditions et nos souvenirs cette \u00e9preuve prend une signification toujours bien personnelle. Notre mission [...]"}