{"id":36,"date":"2017-07-01T19:14:21","date_gmt":"2017-07-01T19:14:21","guid":{"rendered":"http:\/\/saloncarrefour50ansplus.com\/?page_id=36"},"modified":"2026-03-13T06:53:39","modified_gmt":"2026-03-13T10:53:39","slug":"pourquoi-exposer","status":"publish","type":"page","link":"https:\/\/groupeproexpo.com\/saloncarrefour50ansplus\/pourquoi-exposer\/","title":{"rendered":"Pourquoi exposer au Salon Carrefour 50 ans + ?"},"content":{"rendered":"<p>&nbsp;<\/p>\n<figure id=\"attachment_5591\" aria-describedby=\"caption-attachment-5591\" style=\"width: 1494px\" class=\"wp-caption aligncenter\"><img loading=\"lazy\" decoding=\"async\" class=\"size-full wp-image-5591\" src=\"https:\/\/groupeproexpo.com\/saloncarrefour50ansplus\/wp-content\/uploads\/sites\/9\/2020\/03\/Pourquoi-exposer-nouveau-texte-fREEPICK-2265349.jpg\" alt=\"\" width=\"1494\" height=\"995\" srcset=\"https:\/\/groupeproexpo.com\/saloncarrefour50ansplus\/wp-content\/uploads\/sites\/9\/2020\/03\/Pourquoi-exposer-nouveau-texte-fREEPICK-2265349.jpg 1494w, https:\/\/groupeproexpo.com\/saloncarrefour50ansplus\/wp-content\/uploads\/sites\/9\/2020\/03\/Pourquoi-exposer-nouveau-texte-fREEPICK-2265349-300x200.jpg 300w, https:\/\/groupeproexpo.com\/saloncarrefour50ansplus\/wp-content\/uploads\/sites\/9\/2020\/03\/Pourquoi-exposer-nouveau-texte-fREEPICK-2265349-768x511.jpg 768w, https:\/\/groupeproexpo.com\/saloncarrefour50ansplus\/wp-content\/uploads\/sites\/9\/2020\/03\/Pourquoi-exposer-nouveau-texte-fREEPICK-2265349-1024x682.jpg 1024w\" sizes=\"auto, (max-width: 1494px) 100vw, 1494px\" \/><figcaption id=\"caption-attachment-5591\" class=\"wp-caption-text\">Freepik<\/figcaption><\/figure>\n<p><strong style=\"color: #284ebf;\">LA MEILLEURE FA\u00c7ON DE REJOINDRE LES 50 ANS +<\/strong><\/p>\n<p>SAVIEZ-VOUS QUE LA R\u00c9GION DE MONTR\u00c9AL EST CELLE O\u00d9 L\u2019ON TROUVE LE PLUS GRAND NOMBRE D\u2019A\u00ceN\u00c9S AU QU\u00c9BEC ?&nbsp;De plus, la grande majorit\u00e9 des personnes de 50 ans+ de la m\u00e9tropole sont actives, elles s\u2019int\u00e9ressent aux voyages, \u00e0 la sant\u00e9, aux loisirs, au tourisme, \u00e0 la culture, \u00e0 l\u2019emploi, aux r\u00e9sidences, aux services financiers, aux services gouvernementaux, aux sports, \u00e0 l\u2019alimentation, au mieux-\u00eatre, au plein air, aux produits du terroir et plus encore !<\/p>\n<p>Alors, devenir exposant au <em>Salon Carrefour 50 ans+<\/em> demeure le m\u00e9dia promotionnel le plus efficace pour atteindre ce bassin de client\u00e8les. D\u2019une part, les secteurs pertinents aux 50 ans+ sont couverts dans notre \u00e9v\u00e9nement, avec une trentaine de conf\u00e9rences gratuites.<\/p>\n<p>D\u2019autre part, notre campagne promotionnelle \u00e9labor\u00e9e avec soin couvre \u00e0 la fois les m\u00e9dias \u00e9crits (dont la revue Bel \u00e2ge et le Journal de Montr\u00e9al), la t\u00e9l\u00e9vision, les relations de presse, les r\u00e9seaux sociaux et les membres de la FADOQ-R\u00e9gion \u00cele de Montr\u00e9al.<\/p>\n<p>Enfin, vous avez la possibilit\u00e9 d\u2019ajuster votre message selon les besoins de votre client qui est devant vous et de cr\u00e9er un lien de confiance instantan\u00e9. La participation \u00e0 un salon est un excellent moyen de cultiver votre image et d\u2019am\u00e9liorer votre notori\u00e9t\u00e9, de g\u00e9n\u00e9rer un maximum de contacts \u00e0 court terme, et bien plus encore.<\/p>\n<p><span style=\"color: #284ebf;\"><strong>UNE CLIENT\u00c8LE EN CROISSANCE<\/strong><\/span><\/p>\n<p>SAVIEZ-VOUS QUE L&rsquo;ESP\u00c9RANCE DE VIE AUGMENTE AU QU\u00c9BEC ? En effet, l\u2019esp\u00e9rance de vie s\u2019\u00e9tablit \u00e0 80,6 ans chez les hommes et \u00e0 84,5 ans chez les femmes, selon l&rsquo;Institut de la statistique du Qu\u00e9bec. Les Qu\u00e9b\u00e9cois vivent donc en bonne sant\u00e9 et plus longtemps. La proportion des personnes de 65 ans+ passera m\u00eame de 1\/6 en 2011 \u00e0 1\/4 en 2031.<\/p>\n<p>Notre \u00e9v\u00e9nement est con\u00e7u sur mesure pour cette client\u00e8le des 50 ans+ qui est en forte croissance. Le <em>Salon Carrefour 50 ans+<\/em> couvre en effet tous les domaines susceptibles de les int\u00e9resser, selon les besoins des diff\u00e9rentes tranches d&rsquo;\u00e2ge, tel que : la sant\u00e9, l&#8217;emploi, les r\u00e9sidences, les voyages, le tourisme, les loisirs, les services gouvernementaux, les services communautaires, la nutrition, les finances, la retraite, les soins \u00e0 domicile, le sport, etc.<\/p>\n<p>Le nombre de visiteurs au salon ne cessant d&rsquo;augmenter depuis notre premi\u00e8re \u00e9dition en 2016, nous savons que votre pr\u00e9sence r\u00e9pond \u00e0 un r\u00e9el besoin d&rsquo;information, de produits et de services pour les 50 ans+ de la grande r\u00e9gion de Montr\u00e9al. C&rsquo;est donc avec enthousiasme que nous vous invitons \u00e0 \u00eatre des n\u00f4tres !<\/p>\n<p><span style=\"color: #284ebf;\"><strong>UN PROMOTEUR EXP\u00c9RIMENT\u00c9<\/strong><\/span><\/p>\n<p>Pour mener \u00e0 bien un tel projet, cela requiert des connaissances dans le domaine de l\u2019\u00e9v\u00e9nementiel et, surtout, de l\u2019exp\u00e9rience. On ne peut trouver mieux puisque le promoteur de l\u2019\u00e9v\u00e9nement, Roger Paradis, poss\u00e8de plus de 25 ann\u00e9es d\u2019exp\u00e9rience dans le domaine. Il est le pr\u00e9sident de Groupe Pro-Expo Inc. qui produit entre autres le <em>Salon des Mari\u00e9s de Qu\u00e9bec<\/em>, le <em>Salon des mari\u00e9s de L\u00e9vis<\/em>, le <em>Salon FADOQ 50 ans + de Qu\u00e9bec, le Salon FADOQ Distinction 50+ de Gatineau<\/em> et le <em>Salon des Artisans de Qu\u00e9bec<\/em>.<\/p>\n","protected":false},"excerpt":{"rendered":"<div class=\"mh-excerpt\"><p>&nbsp; LA MEILLEURE FA\u00c7ON DE REJOINDRE LES 50 ANS + SAVIEZ-VOUS QUE LA R\u00c9GION DE MONTR\u00c9AL EST CELLE O\u00d9 L\u2019ON TROUVE LE PLUS GRAND NOMBRE D\u2019A\u00ceN\u00c9S AU QU\u00c9BEC ?&nbsp;De plus, la grande majorit\u00e9 des personnes <a class=\"mh-excerpt-more\" href=\"https:\/\/groupeproexpo.com\/saloncarrefour50ansplus\/pourquoi-exposer\/\" title=\"Pourquoi exposer au Salon Carrefour 50 ans + ?\">[&#8230;]<\/a><\/p>\n<\/div>","protected":false},"author":1,"featured_media":0,"parent":0,"menu_order":0,"comment_status":"closed","ping_status":"closed","template":"","meta":{"ngg_post_thumbnail":0,"footnotes":""},"class_list":["post-36","page","type-page","status-publish","hentry"],"yoast_head":"<!-- This site is optimized with the Yoast SEO plugin v24.4 - https:\/\/yoast.com\/wordpress\/plugins\/seo\/ -->\n<title>Devenir exposant | Carrefour 50 ans + | FADOQ Montr\u00e9al<\/title>\n<meta name=\"robots\" content=\"index, follow, max-snippet:-1, max-image-preview:large, max-video-preview:-1\" \/>\n<link rel=\"canonical\" href=\"https:\/\/groupeproexpo.com\/saloncarrefour50ansplus\/pourquoi-exposer\/\" \/>\n<meta property=\"og:locale\" content=\"fr_FR\" \/>\n<meta property=\"og:type\" content=\"article\" \/>\n<meta property=\"og:title\" content=\"Devenir exposant | Carrefour 50 ans + | FADOQ Montr\u00e9al\" \/>\n<meta property=\"og:description\" content=\"&nbsp; LA MEILLEURE FA\u00c7ON DE REJOINDRE LES 50 ANS + SAVIEZ-VOUS QUE LA R\u00c9GION DE MONTR\u00c9AL EST CELLE O\u00d9 L\u2019ON TROUVE LE PLUS GRAND NOMBRE D\u2019A\u00ceN\u00c9S AU QU\u00c9BEC ?&nbsp;De plus, la grande majorit\u00e9 des personnes [...]\" \/>\n<meta property=\"og:url\" content=\"https:\/\/groupeproexpo.com\/saloncarrefour50ansplus\/pourquoi-exposer\/\" \/>\n<meta property=\"og:site_name\" content=\"Le Salon Carrefour 50 ans +\" \/>\n<meta property=\"article:modified_time\" content=\"2026-03-13T10:53:39+00:00\" \/>\n<meta property=\"og:image\" content=\"https:\/\/groupeproexpo.com\/saloncarrefour50ansplus\/wp-content\/uploads\/sites\/9\/2020\/03\/Pourquoi-exposer-nouveau-texte-fREEPICK-2265349.jpg\" \/>\n\t<meta property=\"og:image:width\" content=\"1494\" \/>\n\t<meta property=\"og:image:height\" content=\"995\" \/>\n\t<meta property=\"og:image:type\" content=\"image\/jpeg\" \/>\n<meta name=\"twitter:card\" content=\"summary_large_image\" \/>\n<meta name=\"twitter:label1\" content=\"Dur\u00e9e de lecture estim\u00e9e\" \/>\n\t<meta name=\"twitter:data1\" content=\"3 minutes\" \/>\n<script type=\"application\/ld+json\" class=\"yoast-schema-graph\">{\"@context\":\"https:\/\/schema.org\",\"@graph\":[{\"@type\":\"WebPage\",\"@id\":\"https:\/\/groupeproexpo.com\/saloncarrefour50ansplus\/pourquoi-exposer\/\",\"url\":\"https:\/\/groupeproexpo.com\/saloncarrefour50ansplus\/pourquoi-exposer\/\",\"name\":\"Devenir exposant | Carrefour 50 ans + | FADOQ Montr\u00e9al\",\"isPartOf\":{\"@id\":\"https:\/\/groupeproexpo.com\/saloncarrefour50ansplus\/#website\"},\"primaryImageOfPage\":{\"@id\":\"https:\/\/groupeproexpo.com\/saloncarrefour50ansplus\/pourquoi-exposer\/#primaryimage\"},\"image\":{\"@id\":\"https:\/\/groupeproexpo.com\/saloncarrefour50ansplus\/pourquoi-exposer\/#primaryimage\"},\"thumbnailUrl\":\"https:\/\/groupeproexpo.com\/saloncarrefour50ansplus\/wp-content\/uploads\/sites\/9\/2020\/03\/Pourquoi-exposer-nouveau-texte-fREEPICK-2265349.jpg\",\"datePublished\":\"2017-07-01T19:14:21+00:00\",\"dateModified\":\"2026-03-13T10:53:39+00:00\",\"breadcrumb\":{\"@id\":\"https:\/\/groupeproexpo.com\/saloncarrefour50ansplus\/pourquoi-exposer\/#breadcrumb\"},\"inLanguage\":\"fr-FR\",\"potentialAction\":[{\"@type\":\"ReadAction\",\"target\":[\"https:\/\/groupeproexpo.com\/saloncarrefour50ansplus\/pourquoi-exposer\/\"]}]},{\"@type\":\"ImageObject\",\"inLanguage\":\"fr-FR\",\"@id\":\"https:\/\/groupeproexpo.com\/saloncarrefour50ansplus\/pourquoi-exposer\/#primaryimage\",\"url\":\"https:\/\/groupeproexpo.com\/saloncarrefour50ansplus\/wp-content\/uploads\/sites\/9\/2020\/03\/Pourquoi-exposer-nouveau-texte-fREEPICK-2265349.jpg\",\"contentUrl\":\"https:\/\/groupeproexpo.com\/saloncarrefour50ansplus\/wp-content\/uploads\/sites\/9\/2020\/03\/Pourquoi-exposer-nouveau-texte-fREEPICK-2265349.jpg\",\"width\":1494,\"height\":995,\"caption\":\"Freepik\"},{\"@type\":\"BreadcrumbList\",\"@id\":\"https:\/\/groupeproexpo.com\/saloncarrefour50ansplus\/pourquoi-exposer\/#breadcrumb\",\"itemListElement\":[{\"@type\":\"ListItem\",\"position\":1,\"name\":\"Accueil\",\"item\":\"https:\/\/groupeproexpo.com\/saloncarrefour50ansplus\/\"},{\"@type\":\"ListItem\",\"position\":2,\"name\":\"Pourquoi exposer au Salon Carrefour 50 ans + ?\"}]},{\"@type\":\"WebSite\",\"@id\":\"https:\/\/groupeproexpo.com\/saloncarrefour50ansplus\/#website\",\"url\":\"https:\/\/groupeproexpo.com\/saloncarrefour50ansplus\/\",\"name\":\"Le Salon Carrefour 50 ans +\",\"description\":\"12 au 14 avril 2024\",\"potentialAction\":[{\"@type\":\"SearchAction\",\"target\":{\"@type\":\"EntryPoint\",\"urlTemplate\":\"https:\/\/groupeproexpo.com\/saloncarrefour50ansplus\/?s={search_term_string}\"},\"query-input\":{\"@type\":\"PropertyValueSpecification\",\"valueRequired\":true,\"valueName\":\"search_term_string\"}}],\"inLanguage\":\"fr-FR\"}]}<\/script>\n<!-- \/ Yoast SEO plugin. -->","yoast_head_json":{"title":"Devenir exposant | Carrefour 50 ans + | FADOQ Montr\u00e9al","robots":{"index":"index","follow":"follow","max-snippet":"max-snippet:-1","max-image-preview":"max-image-preview:large","max-video-preview":"max-video-preview:-1"},"canonical":"https:\/\/groupeproexpo.com\/saloncarrefour50ansplus\/pourquoi-exposer\/","og_locale":"fr_FR","og_type":"article","og_title":"Devenir exposant | Carrefour 50 ans + | FADOQ Montr\u00e9al","og_description":"&nbsp; LA MEILLEURE FA\u00c7ON DE REJOINDRE LES 50 ANS + SAVIEZ-VOUS QUE LA R\u00c9GION DE MONTR\u00c9AL EST CELLE O\u00d9 L\u2019ON TROUVE LE PLUS GRAND NOMBRE D\u2019A\u00ceN\u00c9S AU QU\u00c9BEC ?&nbsp;De plus, la grande majorit\u00e9 des personnes [...]","og_url":"https:\/\/groupeproexpo.com\/saloncarrefour50ansplus\/pourquoi-exposer\/","og_site_name":"Le Salon Carrefour 50 ans +","article_modified_time":"2026-03-13T10:53:39+00:00","og_image":[{"width":1494,"height":995,"url":"https:\/\/groupeproexpo.com\/saloncarrefour50ansplus\/wp-content\/uploads\/sites\/9\/2020\/03\/Pourquoi-exposer-nouveau-texte-fREEPICK-2265349.jpg","type":"image\/jpeg"}],"twitter_card":"summary_large_image","twitter_misc":{"Dur\u00e9e de lecture estim\u00e9e":"3 minutes"},"schema":{"@context":"https:\/\/schema.org","@graph":[{"@type":"WebPage","@id":"https:\/\/groupeproexpo.com\/saloncarrefour50ansplus\/pourquoi-exposer\/","url":"https:\/\/groupeproexpo.com\/saloncarrefour50ansplus\/pourquoi-exposer\/","name":"Devenir exposant | Carrefour 50 ans + | FADOQ Montr\u00e9al","isPartOf":{"@id":"https:\/\/groupeproexpo.com\/saloncarrefour50ansplus\/#website"},"primaryImageOfPage":{"@id":"https:\/\/groupeproexpo.com\/saloncarrefour50ansplus\/pourquoi-exposer\/#primaryimage"},"image":{"@id":"https:\/\/groupeproexpo.com\/saloncarrefour50ansplus\/pourquoi-exposer\/#primaryimage"},"thumbnailUrl":"https:\/\/groupeproexpo.com\/saloncarrefour50ansplus\/wp-content\/uploads\/sites\/9\/2020\/03\/Pourquoi-exposer-nouveau-texte-fREEPICK-2265349.jpg","datePublished":"2017-07-01T19:14:21+00:00","dateModified":"2026-03-13T10:53:39+00:00","breadcrumb":{"@id":"https:\/\/groupeproexpo.com\/saloncarrefour50ansplus\/pourquoi-exposer\/#breadcrumb"},"inLanguage":"fr-FR","potentialAction":[{"@type":"ReadAction","target":["https:\/\/groupeproexpo.com\/saloncarrefour50ansplus\/pourquoi-exposer\/"]}]},{"@type":"ImageObject","inLanguage":"fr-FR","@id":"https:\/\/groupeproexpo.com\/saloncarrefour50ansplus\/pourquoi-exposer\/#primaryimage","url":"https:\/\/groupeproexpo.com\/saloncarrefour50ansplus\/wp-content\/uploads\/sites\/9\/2020\/03\/Pourquoi-exposer-nouveau-texte-fREEPICK-2265349.jpg","contentUrl":"https:\/\/groupeproexpo.com\/saloncarrefour50ansplus\/wp-content\/uploads\/sites\/9\/2020\/03\/Pourquoi-exposer-nouveau-texte-fREEPICK-2265349.jpg","width":1494,"height":995,"caption":"Freepik"},{"@type":"BreadcrumbList","@id":"https:\/\/groupeproexpo.com\/saloncarrefour50ansplus\/pourquoi-exposer\/#breadcrumb","itemListElement":[{"@type":"ListItem","position":1,"name":"Accueil","item":"https:\/\/groupeproexpo.com\/saloncarrefour50ansplus\/"},{"@type":"ListItem","position":2,"name":"Pourquoi exposer au Salon Carrefour 50 ans + ?"}]},{"@type":"WebSite","@id":"https:\/\/groupeproexpo.com\/saloncarrefour50ansplus\/#website","url":"https:\/\/groupeproexpo.com\/saloncarrefour50ansplus\/","name":"Le Salon Carrefour 50 ans +","description":"12 au 14 avril 2024","potentialAction":[{"@type":"SearchAction","target":{"@type":"EntryPoint","urlTemplate":"https:\/\/groupeproexpo.com\/saloncarrefour50ansplus\/?s={search_term_string}"},"query-input":{"@type":"PropertyValueSpecification","valueRequired":true,"valueName":"search_term_string"}}],"inLanguage":"fr-FR"}]}},"_links":{"self":[{"href":"https:\/\/groupeproexpo.com\/saloncarrefour50ansplus\/wp-json\/wp\/v2\/pages\/36","targetHints":{"allow":["GET"]}}],"collection":[{"href":"https:\/\/groupeproexpo.com\/saloncarrefour50ansplus\/wp-json\/wp\/v2\/pages"}],"about":[{"href":"https:\/\/groupeproexpo.com\/saloncarrefour50ansplus\/wp-json\/wp\/v2\/types\/page"}],"author":[{"embeddable":true,"href":"https:\/\/groupeproexpo.com\/saloncarrefour50ansplus\/wp-json\/wp\/v2\/users\/1"}],"replies":[{"embeddable":true,"href":"https:\/\/groupeproexpo.com\/saloncarrefour50ansplus\/wp-json\/wp\/v2\/comments?post=36"}],"version-history":[{"count":12,"href":"https:\/\/groupeproexpo.com\/saloncarrefour50ansplus\/wp-json\/wp\/v2\/pages\/36\/revisions"}],"predecessor-version":[{"id":6607,"href":"https:\/\/groupeproexpo.com\/saloncarrefour50ansplus\/wp-json\/wp\/v2\/pages\/36\/revisions\/6607"}],"wp:attachment":[{"href":"https:\/\/groupeproexpo.com\/saloncarrefour50ansplus\/wp-json\/wp\/v2\/media?parent=36"}],"curies":[{"name":"wp","href":"https:\/\/api.w.org\/{rel}","templated":true}]}}