{"id":5232,"date":"2020-01-17T16:30:52","date_gmt":"2020-01-17T21:30:52","guid":{"rendered":"http:\/\/groupeproexpo.com\/saloncarrefour50ansplus\/?page_id=5232"},"modified":"2026-03-26T09:09:46","modified_gmt":"2026-03-26T13:09:46","slug":"conferenciers-vedettes","status":"publish","type":"page","link":"https:\/\/groupeproexpo.com\/saloncarrefour50ansplus\/conferenciers-vedettes\/","title":{"rendered":"Conf\u00e9renciers vedettes 2026"},"content":{"rendered":"<h2>Conf\u00e9rences et spectacles gratuits!&nbsp;<\/h2>\n<p><a href=\"https:\/\/groupeproexpo.com\/saloncarrefour50ansplus\/wp-content\/uploads\/sites\/9\/2026\/03\/Capture-decran-2026-03-13-150919.png\"><img loading=\"lazy\" decoding=\"async\" class=\"alignleft wp-image-6649\" src=\"https:\/\/groupeproexpo.com\/saloncarrefour50ansplus\/wp-content\/uploads\/sites\/9\/2026\/03\/Capture-decran-2026-03-13-150919.png\" alt=\"\" width=\"563\" height=\"160\" srcset=\"https:\/\/groupeproexpo.com\/saloncarrefour50ansplus\/wp-content\/uploads\/sites\/9\/2026\/03\/Capture-decran-2026-03-13-150919.png 823w, https:\/\/groupeproexpo.com\/saloncarrefour50ansplus\/wp-content\/uploads\/sites\/9\/2026\/03\/Capture-decran-2026-03-13-150919-300x85.png 300w, https:\/\/groupeproexpo.com\/saloncarrefour50ansplus\/wp-content\/uploads\/sites\/9\/2026\/03\/Capture-decran-2026-03-13-150919-768x218.png 768w\" sizes=\"auto, (max-width: 563px) 100vw, 563px\" \/><\/a><\/p>\n<p>&nbsp;<\/p>\n<p>&nbsp;<\/p>\n<h2>&nbsp;<\/h2>\n<p>&nbsp;<\/p>\n<p>&nbsp;<\/p>\n<hr>\n<h3>Vendredi 17 avril 2026 &#8211; 11h00<\/h3>\n<h2>Dave Morissette<\/h2>\n<p><strong>Conf\u00e9rence \u00ab Devenir la meilleure version de vous-m\u00eame&nbsp; \u00bb<br \/>\n<\/strong><\/p>\n<p><a href=\"https:\/\/groupeproexpo.com\/saloncarrefour50ansplus\/wp-content\/uploads\/sites\/9\/2026\/03\/Capture-decran-2026-03-13-105727.png\"><img loading=\"lazy\" decoding=\"async\" class=\"alignleft wp-image-6634\" src=\"https:\/\/groupeproexpo.com\/saloncarrefour50ansplus\/wp-content\/uploads\/sites\/9\/2026\/03\/Capture-decran-2026-03-13-105727.png\" alt=\"\" width=\"241\" height=\"275\" srcset=\"https:\/\/groupeproexpo.com\/saloncarrefour50ansplus\/wp-content\/uploads\/sites\/9\/2026\/03\/Capture-decran-2026-03-13-105727.png 566w, https:\/\/groupeproexpo.com\/saloncarrefour50ansplus\/wp-content\/uploads\/sites\/9\/2026\/03\/Capture-decran-2026-03-13-105727-264x300.png 264w\" sizes=\"auto, (max-width: 241px) 100vw, 241px\" \/><\/a><\/p>\n<p>N\u00e9 le 24 d\u00e9cembre 1974 \u00e0 Baie-Comeau, cet ancien joueur de hockey a port\u00e9 les couleurs des Canadiens de Montr\u00e9al entre 1998 et 2000. Le #36 a pris sa retraite en 2001 et est aujourd\u2019hui une figure bien connue du paysage m\u00e9diatique qu\u00e9b\u00e9cois. Apr\u00e8s sa retraite du hockey, il devient analyste sportif et collaborateur r\u00e9gulier sur toutes les grandes cha\u00eenes de t\u00e9l\u00e9vision ou de radio, notamment pour CKAC et RDS. Il collabore r\u00e9guli\u00e8rement \u00e0 l\u2019\u00e9mission l\u2019Antichambre en ondes \u00e0 RDS. Parall\u00e8lement, on le voit souvent dans des petits r\u00f4les \u00e0 la t\u00e9l\u00e9vision. Il touche \u00e0 la radio d\u00e8s 2009 en compagnie de Normand Brathwaite, o\u00f9 il est coanimateur du retour \u00e0 la maison \u00e0 CKOI.En 2010 marquera son entr\u00e9e dans le monde du cin\u00e9ma. Il fait partie de la distribution de Lance et Compte, le film. Il rejoint ensuite l\u2019\u00e9quipe d\u2019animateurs pour Le Match \u00e0 TVA Sport, en onde du lundi au vendredi d\u00e8s 22h. \u00c0 partir de 2013, Dave Morissette coanime l\u2019\u00e9mission Fort Boyard pour deux saisons aux c\u00f4t\u00e9s de Guillaume Lemay-Thivierge sur les ondes de TVA.En 2013, il conclut une entente \u00e0 long terme avec TVA Sport. Il m\u00e8ne aujourd\u2019hui la barre de l\u2019\u00e9mission de sport de fin de soir\u00e9e : L\u2019apr\u00e8s-match. Il collabore aussi \u00e0 Salut Bonjour, ainsi qu\u2019au TVA Nouvelles de 18h.En 2018, un documentaire intitul\u00e9 Dave Morissette : arr\u00eater le temps sur son p\u00e9riple familial \u00e0 Compostelle est diffus\u00e9 sur les ondes de Moi &amp; Cie. En 2019, une s\u00e9rie documentaire Dave et le bon monde, o\u00f9 il parcourra le Qu\u00e9bec \u00e0 v\u00e9lo pour aller la rencontre des gens est diffus\u00e9e sur Moi &amp; Cie. Dave a aussi \u00e9t\u00e9 le porte-parole de R\u00e9no-D\u00e9p\u00f4t 5 ans, de 2017 \u00e0 2022. 2018 il fait la s\u00e9rie documentaire Prochaine Destination avec son fils Zack. La s\u00e9rie de 8 \u00e9pisodes est un p\u00e9riple p\u00e8re fils en voyage \u00e0 travers le monde.<\/p>\n<p>2023-2024 il participe \u00e0 la s\u00e9rie Sortez-moi d\u2019ici \u00e0 TVA. Il se rend en finale. Suivra la s\u00e9rie Sortez-moi d\u2019ici mais pas tout de suite, qu\u2019il co anime avec Philipe Laprise pour Evasion.<br \/>\n2024-2025 il anime la s\u00e9rie Les Bricoleurs du dimanche \u00e0 CASA.<br \/>\n2024-2025 Il a aussi fait de la radio \u00e0 Rythme FM et 98,5<br \/>\nIl continue sa collaboration avec TVA sport et collabore \u00e0 plusieurs podcasts.<br \/>\nAvec ses conf\u00e9rences et les animations corporatives, sont agenda est bien rempli.<br \/>\nGagnant de dix troph\u00e9es Artis, il est un v\u00e9ritable chouchou du public!<\/p>\n<hr>\n<h3>Vendredi 17 avril 2026 &#8211; 13h45<\/h3>\n<h2>Marie-Jos\u00e9e Taillefer et Marie-\u00c9laine Thibert<\/h2>\n<p><strong>Conf\u00e9rence et Musique&nbsp; \u00ab Entrevue-spectacle de Marie-Jos\u00e9e Taillefer et Marie-\u00c9laine Thibert \u00bb<br \/>\n<\/strong><\/p>\n<p><a href=\"https:\/\/groupeproexpo.com\/saloncarrefour50ansplus\/wp-content\/uploads\/sites\/9\/2026\/03\/Capture-decran-2026-03-13-111843.png\"><img loading=\"lazy\" decoding=\"async\" class=\"alignleft wp-image-6638\" src=\"https:\/\/groupeproexpo.com\/saloncarrefour50ansplus\/wp-content\/uploads\/sites\/9\/2026\/03\/Capture-decran-2026-03-13-111843.png\" alt=\"\" width=\"257\" height=\"257\" srcset=\"https:\/\/groupeproexpo.com\/saloncarrefour50ansplus\/wp-content\/uploads\/sites\/9\/2026\/03\/Capture-decran-2026-03-13-111843.png 632w, https:\/\/groupeproexpo.com\/saloncarrefour50ansplus\/wp-content\/uploads\/sites\/9\/2026\/03\/Capture-decran-2026-03-13-111843-300x300.png 300w, https:\/\/groupeproexpo.com\/saloncarrefour50ansplus\/wp-content\/uploads\/sites\/9\/2026\/03\/Capture-decran-2026-03-13-111843-150x150.png 150w\" sizes=\"auto, (max-width: 257px) 100vw, 257px\" \/><\/a><\/p>\n<div class=\"x_elementToProof\">\n<div class=\"x_elementToProof\"><i data-olk-copy-source=\"MessageBody\">Depuis plus de huit ans, Marie\u2011Jos\u00e9e Taillefer, personnalit\u00e9 bien connue de la sc\u00e8ne culturelle qu\u00e9b\u00e9coise, est l\u2019ambassadrice du r\u00e9seau des cliniques Lobe et&nbsp;de&nbsp;la sant\u00e9 auditive.&nbsp;Gr\u00e2ce \u00e0 son v\u00e9cu familial, elle nous rappelle l\u2019importance de prot\u00e9ger son audition pour profiter pleinement de tout ce qui nous fait vibrer.&nbsp;<\/i><\/div>\n<div>&nbsp;<\/div>\n<\/div>\n<div class=\"x_elementToProof\">\n<div class=\"x_elementToProof\"><i>Le vendredi 17 avril 2026 \u00e0 14 h, dans le cadre du Salon Carrefour 50+ de Montr\u00e9al, elle accueillera<\/i><b><i>&nbsp;<\/i><\/b><i>Marie\u2011\u00c9laine&nbsp;Thibert,&nbsp;autrice-compositrice-interpr\u00e8te,<\/i><b><i>&nbsp;<\/i><\/b><i>pour&nbsp;une entrevue\u2011spectacle o\u00f9 musique, passions et sant\u00e9 auditive se rencontreront.&nbsp;<\/i><\/div>\n<div>&nbsp;<\/div>\n<\/div>\n<div class=\"x_elementToProof\">\n<div class=\"x_elementToProof\"><i>Lors d\u2019un \u00e9change inspirant, elles revisiteront les moments marquants du parcours de l\u2019artiste, ponctu\u00e9s d\u2019anecdotes et d\u2019histoires v\u00e9cues sur sc\u00e8ne et en coulisses. La rencontre sera \u00e9galement enrichie de performances musicales, soulignant \u00e0 quel point l\u2019audition est essentielle \u00e0 l\u2019art et \u00e0 l\u2019\u00e9motion.&nbsp;<\/i><\/div>\n<\/div>\n<div class=\"x_elementToProof\">\n<div class=\"x_elementToProof\"><i>Marie\u2011Jos\u00e9e Taillefer et Marie\u2011\u00c9laine&nbsp;Thibert&nbsp;vous invitent \u00e0 c\u00e9l\u00e9brer la musique et \u00e0 reconna\u00eetre l\u2019importance de pr\u00e9server son audition, quel que soit notre parcours ou notre passion.&nbsp;<\/i><\/div>\n<div>&nbsp;<\/div>\n<\/div>\n<hr>\n<h3>Samedi 18 avril 2026 &#8211; 11h15<\/h3>\n<p>M\u00e9lissa B\u00e9dard<\/p>\n<p><strong>&nbsp;\u00ab Spectacle intime \u00bb<\/strong><\/p>\n<p><a href=\"https:\/\/groupeproexpo.com\/saloncarrefour50ansplus\/wp-content\/uploads\/sites\/9\/2026\/03\/Capture-decran-2026-03-13-150505.png\"><img loading=\"lazy\" decoding=\"async\" class=\"alignleft wp-image-6647\" src=\"https:\/\/groupeproexpo.com\/saloncarrefour50ansplus\/wp-content\/uploads\/sites\/9\/2026\/03\/Capture-decran-2026-03-13-150505.png\" alt=\"\" width=\"251\" height=\"284\" srcset=\"https:\/\/groupeproexpo.com\/saloncarrefour50ansplus\/wp-content\/uploads\/sites\/9\/2026\/03\/Capture-decran-2026-03-13-150505.png 323w, https:\/\/groupeproexpo.com\/saloncarrefour50ansplus\/wp-content\/uploads\/sites\/9\/2026\/03\/Capture-decran-2026-03-13-150505-265x300.png 265w\" sizes=\"auto, (max-width: 251px) 100vw, 251px\" \/><\/a><\/p>\n<p><span data-olk-copy-source=\"MessageBody\">Originaire d\u2019Ha\u00efti et arriv\u00e9e au Qu\u00e9bec d\u00e8s l\u2019enfance,&nbsp;<b>M\u00e9lissa B\u00e9dard<\/b>&nbsp;se r\u00e9v\u00e8le au grand public en 2012 \u00e0&nbsp;<i>Star Acad\u00e9mie<\/i>, o\u00f9 sa voix puissante et son charisme marquent les esprits. Depuis, elle m\u00e8ne une carri\u00e8re florissante comme&nbsp;<b>chanteuse, com\u00e9dienne et animatrice<\/b>, lan\u00e7ant six albums et multipliant les tourn\u00e9es et collaborations majeures, dont avec&nbsp;<b>Jean-Pierre Ferland<\/b>.<\/span><\/p>\n<p>R\u00e9v\u00e9l\u00e9e \u00e0 la t\u00e9l\u00e9 par son r\u00f4le marquant dans&nbsp;<i>M\u2019entends-tu?<\/i>, diffus\u00e9e \u00e0 l\u2019international sur Netflix, elle r\u00e9colte nominations et distinctions, tout en s\u2019imposant comme animatrice de nombreux projets t\u00e9l\u00e9. Artiste engag\u00e9e et rassembleuse, M\u00e9lissa fait rayonner des valeurs d\u2019<b>authenticit\u00e9, d\u2019amour de soi et d\u2019inclusion<\/b>, sur sc\u00e8ne comme \u00e0 l\u2019\u00e9cran. En 2025, elle poursuit sur sa lanc\u00e9e avec l\u2019album&nbsp;<i>Ma v\u00e9rit\u00e9<\/i>&nbsp;et le r\u00f4le embl\u00e9matique de&nbsp;<b>Mama Morton<\/b>&nbsp;dans la com\u00e9die musicale&nbsp;<i>Chicago<\/i>.<\/p>\n<hr>\n<h3>Samedi 18 avril 2026 &#8211; 14h15<\/h3>\n<h2>Ludovic Bourgeois<\/h2>\n<p><strong>&nbsp;\u00ab Spectacle intime \u00bb<\/strong><\/p>\n<p><a href=\"https:\/\/groupeproexpo.com\/saloncarrefour50ansplus\/wp-content\/uploads\/sites\/9\/2026\/03\/Capture-decran-2026-03-13-112640.png\"><img loading=\"lazy\" decoding=\"async\" class=\"alignleft wp-image-6640\" src=\"https:\/\/groupeproexpo.com\/saloncarrefour50ansplus\/wp-content\/uploads\/sites\/9\/2026\/03\/Capture-decran-2026-03-13-112640.png\" alt=\"\" width=\"279\" height=\"429\" srcset=\"https:\/\/groupeproexpo.com\/saloncarrefour50ansplus\/wp-content\/uploads\/sites\/9\/2026\/03\/Capture-decran-2026-03-13-112640.png 417w, https:\/\/groupeproexpo.com\/saloncarrefour50ansplus\/wp-content\/uploads\/sites\/9\/2026\/03\/Capture-decran-2026-03-13-112640-195x300.png 195w\" sizes=\"auto, (max-width: 279px) 100vw, 279px\" \/><\/a><\/p>\n<p>Ludovick Bourgeois occupe un espace qui ferait r\u00eaver n&rsquo;importe quel artiste. Depuis sa victoire \u00e0 <em>La Voix<\/em> en 2017, il a su s&rsquo;imposer de belle fa\u00e7on dans le paysage de la pop qu\u00e9b\u00e9coise. Dans les mois qui ont suivi sa participation \u00e0 la populaire \u00e9mission, il se lance dans la cr\u00e9ation d&rsquo;un premier album alors m\u00eame qu&rsquo;il donne des dizaines de spectacles \u00e0 guichets ferm\u00e9s avec ses coll\u00e8gues de <em>La Voix<\/em>.<\/p>\n<p>De fa\u00e7on presque pr\u00e9monitoire, le grand succ\u00e8s de ce premier album est un hymne \u00e0 la libert\u00e9 intitul\u00e9 <em>Desert Song<\/em>. Deux ans plus tard, Ludovick met le cap vers le sud pour un road trip m\u00e9morable en compagnie de son complice Fred St-Gelais. Entre deux excursions, ils trouvent le moyen d&rsquo;enregistrer une vingtaine de chansons, dont onze allaient se retrouver sur son second album, tout simplement intitul\u00e9 <em>2<\/em>.<\/p>\n<p>Au printemps 2022, il lance l\u2019extrait <em>Promets toujours<\/em>, suivi de la sortie de son troisi\u00e8me album <em>R\u00eaveur<\/em> le 7 octobre 2022. Ce dernier regroupe douze chansons originales, et a \u00e9t\u00e9 \u00e9labor\u00e9 avec la collaboration de certains des r\u00e9alisateurs les plus en vue, dont Domeno, Patrick Bouchard, Benjamin Nadeau, Marc B\u00e9land et Luca The Producer. Ces pi\u00e8ces ont \u00e9t\u00e9 co\u00e9crites par Ludovick Bourgeois avec la complicit\u00e9 de divers paroliers et compositeurs, tels qu\u2019Elijah Woods, Jeffrey Piton, Marc Dupr\u00e9, Marilou Martin, Garrett Alex Raffanelli, Nelson Minville et Ga\u00eble Tavernier. Une tourn\u00e9e du m\u00eame nom a suivi la sortie de l\u2019album, regroupant une quarantaine de dates \u00e0 travers le Qu\u00e9bec.<\/p>\n<p>L\u2019un des plus grands projets de sa carri\u00e8re \u00e0 ce jour demeure la tourn\u00e9e hommage au groupe <em>Les BB<\/em>, dont faisait partie son p\u00e8re Patrick Bourgeois. Le spectacle <em>Les BB par Ludovick Bourgeois<\/em>, empreint d\u2019\u00e9motion et de nostalgie, a connu un succ\u00e8s retentissant, cumulant plus de 150 repr\u00e9sentations et 75 000 billets vendus \u00e0 travers la province.<\/p>\n<p>&nbsp; Ludovick Bourgeois amorce un nouveau chapitre cr\u00e9atif avec Jamais s\u2019oublier, une chanson originale lumineuse lanc\u00e9e plus de trois ans apr\u00e8s son album <em>R\u00eaveur<\/em>. Port\u00e9 par une envie sinc\u00e8re de cr\u00e9er et de partager, l\u2019auteur-compositeur-interpr\u00e8te signe ici un retour instinctif et authentique. Premier extrait d\u2019un EP attendu \u00e0 l\u2019automne 2026, la pi\u00e8ce \u2014 r\u00e9alis\u00e9e par Patrick &nbsp; &nbsp; &nbsp; &nbsp; &nbsp; &nbsp; &nbsp; &nbsp; &nbsp; &nbsp; &nbsp; &nbsp; &nbsp; &nbsp; &nbsp; &nbsp; &nbsp; &nbsp; &nbsp; &nbsp; &nbsp; &nbsp; &nbsp; &nbsp; &nbsp; &nbsp; &nbsp;&nbsp;<\/p>\n<p>\u00c0 l\u2019automne 2026, Ludovick Bourgeois propose \u00e9galement Karaok\u00e9 90, un spectacle festif o\u00f9 il revisite les plus grands succ\u00e8s des ann\u00e9es 1990 \u2014 ces incontournables que l\u2019on chante encore \u00e0 tue-t\u00eate. Une c\u00e9l\u00e9bration rassembleuse, empreinte de nostalgie et de plaisir partag\u00e9, \u00e0 vivre d\u00e8s septembre 2026.<\/p>\n<p>&nbsp; &nbsp; &nbsp; &nbsp; &nbsp; &nbsp; &nbsp; &nbsp; &nbsp; &nbsp; &nbsp; &nbsp; &nbsp; &nbsp; &nbsp; &nbsp; &nbsp; &nbsp; &nbsp; &nbsp; &nbsp; &nbsp; &nbsp; &nbsp; &nbsp; &nbsp; &nbsp; &nbsp; &nbsp; &nbsp;<\/p>\n<hr>\n<p style=\"text-align: justify;\">&nbsp;<\/p>\n","protected":false},"excerpt":{"rendered":"<div class=\"mh-excerpt\"><p>Conf\u00e9rences et spectacles gratuits!&nbsp; &nbsp; &nbsp; &nbsp; &nbsp; &nbsp; Vendredi 17 avril 2026 &#8211; 11h00 Dave Morissette Conf\u00e9rence \u00ab Devenir la meilleure version de vous-m\u00eame&nbsp; \u00bb N\u00e9 le 24 d\u00e9cembre 1974 \u00e0 Baie-Comeau, cet ancien <a class=\"mh-excerpt-more\" href=\"https:\/\/groupeproexpo.com\/saloncarrefour50ansplus\/conferenciers-vedettes\/\" title=\"Conf\u00e9renciers vedettes 2026\">[&#8230;]<\/a><\/p>\n<\/div>","protected":false},"author":4,"featured_media":0,"parent":0,"menu_order":0,"comment_status":"closed","ping_status":"closed","template":"","meta":{"ngg_post_thumbnail":0,"footnotes":""},"class_list":["post-5232","page","type-page","status-publish","hentry"],"yoast_head":"<!-- This site is optimized with the Yoast SEO plugin v24.4 - https:\/\/yoast.com\/wordpress\/plugins\/seo\/ -->\n<title>Conf\u00e9renciers vedettes | Salon Carrefour 50 ans + | FADOQ Montr\u00e9al<\/title>\n<meta name=\"robots\" content=\"index, follow, max-snippet:-1, max-image-preview:large, max-video-preview:-1\" \/>\n<link rel=\"canonical\" href=\"https:\/\/groupeproexpo.com\/saloncarrefour50ansplus\/conferenciers-vedettes\/\" \/>\n<meta property=\"og:locale\" content=\"fr_FR\" \/>\n<meta property=\"og:type\" content=\"article\" \/>\n<meta property=\"og:title\" content=\"Conf\u00e9renciers vedettes | Salon Carrefour 50 ans + | FADOQ Montr\u00e9al\" \/>\n<meta property=\"og:description\" content=\"Conf\u00e9rences et spectacles gratuits!&nbsp; &nbsp; &nbsp; &nbsp; &nbsp; &nbsp; Vendredi 17 avril 2026 &#8211; 11h00 Dave Morissette Conf\u00e9rence \u00ab Devenir la meilleure version de vous-m\u00eame&nbsp; \u00bb N\u00e9 le 24 d\u00e9cembre 1974 \u00e0 Baie-Comeau, cet ancien [...]\" \/>\n<meta property=\"og:url\" content=\"https:\/\/groupeproexpo.com\/saloncarrefour50ansplus\/conferenciers-vedettes\/\" \/>\n<meta property=\"og:site_name\" content=\"Le Salon Carrefour 50 ans +\" \/>\n<meta property=\"article:modified_time\" content=\"2026-03-26T13:09:46+00:00\" \/>\n<meta property=\"og:image\" content=\"https:\/\/groupeproexpo.com\/saloncarrefour50ansplus\/wp-content\/uploads\/sites\/9\/2026\/03\/Capture-decran-2026-03-13-150919.png\" \/>\n\t<meta property=\"og:image:width\" content=\"823\" \/>\n\t<meta property=\"og:image:height\" content=\"234\" \/>\n\t<meta property=\"og:image:type\" content=\"image\/png\" \/>\n<meta name=\"twitter:card\" content=\"summary_large_image\" \/>\n<meta name=\"twitter:label1\" content=\"Dur\u00e9e de lecture estim\u00e9e\" \/>\n\t<meta name=\"twitter:data1\" content=\"7 minutes\" \/>\n<script type=\"application\/ld+json\" class=\"yoast-schema-graph\">{\"@context\":\"https:\/\/schema.org\",\"@graph\":[{\"@type\":\"WebPage\",\"@id\":\"https:\/\/groupeproexpo.com\/saloncarrefour50ansplus\/conferenciers-vedettes\/\",\"url\":\"https:\/\/groupeproexpo.com\/saloncarrefour50ansplus\/conferenciers-vedettes\/\",\"name\":\"Conf\u00e9renciers vedettes | Salon Carrefour 50 ans + | FADOQ Montr\u00e9al\",\"isPartOf\":{\"@id\":\"https:\/\/groupeproexpo.com\/saloncarrefour50ansplus\/#website\"},\"primaryImageOfPage\":{\"@id\":\"https:\/\/groupeproexpo.com\/saloncarrefour50ansplus\/conferenciers-vedettes\/#primaryimage\"},\"image\":{\"@id\":\"https:\/\/groupeproexpo.com\/saloncarrefour50ansplus\/conferenciers-vedettes\/#primaryimage\"},\"thumbnailUrl\":\"https:\/\/groupeproexpo.com\/saloncarrefour50ansplus\/wp-content\/uploads\/sites\/9\/2026\/03\/Capture-decran-2026-03-13-150919.png\",\"datePublished\":\"2020-01-17T21:30:52+00:00\",\"dateModified\":\"2026-03-26T13:09:46+00:00\",\"breadcrumb\":{\"@id\":\"https:\/\/groupeproexpo.com\/saloncarrefour50ansplus\/conferenciers-vedettes\/#breadcrumb\"},\"inLanguage\":\"fr-FR\",\"potentialAction\":[{\"@type\":\"ReadAction\",\"target\":[\"https:\/\/groupeproexpo.com\/saloncarrefour50ansplus\/conferenciers-vedettes\/\"]}]},{\"@type\":\"ImageObject\",\"inLanguage\":\"fr-FR\",\"@id\":\"https:\/\/groupeproexpo.com\/saloncarrefour50ansplus\/conferenciers-vedettes\/#primaryimage\",\"url\":\"https:\/\/groupeproexpo.com\/saloncarrefour50ansplus\/wp-content\/uploads\/sites\/9\/2026\/03\/Capture-decran-2026-03-13-150919.png\",\"contentUrl\":\"https:\/\/groupeproexpo.com\/saloncarrefour50ansplus\/wp-content\/uploads\/sites\/9\/2026\/03\/Capture-decran-2026-03-13-150919.png\"},{\"@type\":\"BreadcrumbList\",\"@id\":\"https:\/\/groupeproexpo.com\/saloncarrefour50ansplus\/conferenciers-vedettes\/#breadcrumb\",\"itemListElement\":[{\"@type\":\"ListItem\",\"position\":1,\"name\":\"Accueil\",\"item\":\"https:\/\/groupeproexpo.com\/saloncarrefour50ansplus\/\"},{\"@type\":\"ListItem\",\"position\":2,\"name\":\"Conf\u00e9renciers vedettes 2026\"}]},{\"@type\":\"WebSite\",\"@id\":\"https:\/\/groupeproexpo.com\/saloncarrefour50ansplus\/#website\",\"url\":\"https:\/\/groupeproexpo.com\/saloncarrefour50ansplus\/\",\"name\":\"Le Salon Carrefour 50 ans +\",\"description\":\"12 au 14 avril 2024\",\"potentialAction\":[{\"@type\":\"SearchAction\",\"target\":{\"@type\":\"EntryPoint\",\"urlTemplate\":\"https:\/\/groupeproexpo.com\/saloncarrefour50ansplus\/?s={search_term_string}\"},\"query-input\":{\"@type\":\"PropertyValueSpecification\",\"valueRequired\":true,\"valueName\":\"search_term_string\"}}],\"inLanguage\":\"fr-FR\"}]}<\/script>\n<!-- \/ Yoast SEO plugin. -->","yoast_head_json":{"title":"Conf\u00e9renciers vedettes | Salon Carrefour 50 ans + | FADOQ Montr\u00e9al","robots":{"index":"index","follow":"follow","max-snippet":"max-snippet:-1","max-image-preview":"max-image-preview:large","max-video-preview":"max-video-preview:-1"},"canonical":"https:\/\/groupeproexpo.com\/saloncarrefour50ansplus\/conferenciers-vedettes\/","og_locale":"fr_FR","og_type":"article","og_title":"Conf\u00e9renciers vedettes | Salon Carrefour 50 ans + | FADOQ Montr\u00e9al","og_description":"Conf\u00e9rences et spectacles gratuits!&nbsp; &nbsp; &nbsp; &nbsp; &nbsp; &nbsp; Vendredi 17 avril 2026 &#8211; 11h00 Dave Morissette Conf\u00e9rence \u00ab Devenir la meilleure version de vous-m\u00eame&nbsp; \u00bb N\u00e9 le 24 d\u00e9cembre 1974 \u00e0 Baie-Comeau, cet ancien [...]","og_url":"https:\/\/groupeproexpo.com\/saloncarrefour50ansplus\/conferenciers-vedettes\/","og_site_name":"Le Salon Carrefour 50 ans +","article_modified_time":"2026-03-26T13:09:46+00:00","og_image":[{"width":823,"height":234,"url":"https:\/\/groupeproexpo.com\/saloncarrefour50ansplus\/wp-content\/uploads\/sites\/9\/2026\/03\/Capture-decran-2026-03-13-150919.png","type":"image\/png"}],"twitter_card":"summary_large_image","twitter_misc":{"Dur\u00e9e de lecture estim\u00e9e":"7 minutes"},"schema":{"@context":"https:\/\/schema.org","@graph":[{"@type":"WebPage","@id":"https:\/\/groupeproexpo.com\/saloncarrefour50ansplus\/conferenciers-vedettes\/","url":"https:\/\/groupeproexpo.com\/saloncarrefour50ansplus\/conferenciers-vedettes\/","name":"Conf\u00e9renciers vedettes | Salon Carrefour 50 ans + | FADOQ Montr\u00e9al","isPartOf":{"@id":"https:\/\/groupeproexpo.com\/saloncarrefour50ansplus\/#website"},"primaryImageOfPage":{"@id":"https:\/\/groupeproexpo.com\/saloncarrefour50ansplus\/conferenciers-vedettes\/#primaryimage"},"image":{"@id":"https:\/\/groupeproexpo.com\/saloncarrefour50ansplus\/conferenciers-vedettes\/#primaryimage"},"thumbnailUrl":"https:\/\/groupeproexpo.com\/saloncarrefour50ansplus\/wp-content\/uploads\/sites\/9\/2026\/03\/Capture-decran-2026-03-13-150919.png","datePublished":"2020-01-17T21:30:52+00:00","dateModified":"2026-03-26T13:09:46+00:00","breadcrumb":{"@id":"https:\/\/groupeproexpo.com\/saloncarrefour50ansplus\/conferenciers-vedettes\/#breadcrumb"},"inLanguage":"fr-FR","potentialAction":[{"@type":"ReadAction","target":["https:\/\/groupeproexpo.com\/saloncarrefour50ansplus\/conferenciers-vedettes\/"]}]},{"@type":"ImageObject","inLanguage":"fr-FR","@id":"https:\/\/groupeproexpo.com\/saloncarrefour50ansplus\/conferenciers-vedettes\/#primaryimage","url":"https:\/\/groupeproexpo.com\/saloncarrefour50ansplus\/wp-content\/uploads\/sites\/9\/2026\/03\/Capture-decran-2026-03-13-150919.png","contentUrl":"https:\/\/groupeproexpo.com\/saloncarrefour50ansplus\/wp-content\/uploads\/sites\/9\/2026\/03\/Capture-decran-2026-03-13-150919.png"},{"@type":"BreadcrumbList","@id":"https:\/\/groupeproexpo.com\/saloncarrefour50ansplus\/conferenciers-vedettes\/#breadcrumb","itemListElement":[{"@type":"ListItem","position":1,"name":"Accueil","item":"https:\/\/groupeproexpo.com\/saloncarrefour50ansplus\/"},{"@type":"ListItem","position":2,"name":"Conf\u00e9renciers vedettes 2026"}]},{"@type":"WebSite","@id":"https:\/\/groupeproexpo.com\/saloncarrefour50ansplus\/#website","url":"https:\/\/groupeproexpo.com\/saloncarrefour50ansplus\/","name":"Le Salon Carrefour 50 ans +","description":"12 au 14 avril 2024","potentialAction":[{"@type":"SearchAction","target":{"@type":"EntryPoint","urlTemplate":"https:\/\/groupeproexpo.com\/saloncarrefour50ansplus\/?s={search_term_string}"},"query-input":{"@type":"PropertyValueSpecification","valueRequired":true,"valueName":"search_term_string"}}],"inLanguage":"fr-FR"}]}},"_links":{"self":[{"href":"https:\/\/groupeproexpo.com\/saloncarrefour50ansplus\/wp-json\/wp\/v2\/pages\/5232","targetHints":{"allow":["GET"]}}],"collection":[{"href":"https:\/\/groupeproexpo.com\/saloncarrefour50ansplus\/wp-json\/wp\/v2\/pages"}],"about":[{"href":"https:\/\/groupeproexpo.com\/saloncarrefour50ansplus\/wp-json\/wp\/v2\/types\/page"}],"author":[{"embeddable":true,"href":"https:\/\/groupeproexpo.com\/saloncarrefour50ansplus\/wp-json\/wp\/v2\/users\/4"}],"replies":[{"embeddable":true,"href":"https:\/\/groupeproexpo.com\/saloncarrefour50ansplus\/wp-json\/wp\/v2\/comments?post=5232"}],"version-history":[{"count":142,"href":"https:\/\/groupeproexpo.com\/saloncarrefour50ansplus\/wp-json\/wp\/v2\/pages\/5232\/revisions"}],"predecessor-version":[{"id":6684,"href":"https:\/\/groupeproexpo.com\/saloncarrefour50ansplus\/wp-json\/wp\/v2\/pages\/5232\/revisions\/6684"}],"wp:attachment":[{"href":"https:\/\/groupeproexpo.com\/saloncarrefour50ansplus\/wp-json\/wp\/v2\/media?parent=5232"}],"curies":[{"name":"wp","href":"https:\/\/api.w.org\/{rel}","templated":true}]}}